{"id":2225,"date":"2025-01-08T16:05:29","date_gmt":"2025-01-08T21:05:29","guid":{"rendered":"https:\/\/parcmarin.qc.ca\/consultations\/?page_id=2225"},"modified":"2025-11-19T10:45:19","modified_gmt":"2025-11-19T15:45:19","slug":"memoires-recus","status":"publish","type":"page","link":"https:\/\/parcmarin.qc.ca\/consultations\/memoires-recus\/","title":{"rendered":"M\u00e9moires re\u00e7us"},"content":{"rendered":"\n<div class=\"wp-block-group is-layout-flow wp-block-group-is-layout-flow\" style=\"padding-right:var(--wp--preset--spacing--60);padding-left:var(--wp--preset--spacing--60)\">\n<div class=\"wp-block-group is-layout-flow wp-container-core-group-is-layout-f046a313 wp-block-group-is-layout-flow\" style=\"margin-top:0px;margin-bottom:0px;padding-top:0;padding-right:0;padding-bottom:0;padding-left:0\">\n<h2 class=\"wp-block-heading has-text-align-left has-custom-couleur-5-color has-text-color has-link-color wp-elements-138a42595156d6a56b0b3178b64a68bb\" style=\"font-size:clamp(1.648rem, 1.648rem + ((1vw - 0.2rem) * 1.92), 2.8rem);\">Projet d\u2019agrandissement du parc marin du Saguenay\u2013Saint-Laurent<\/h2>\n\n\n\n<div class=\"wp-block-group has-global-padding is-layout-constrained wp-block-group-is-layout-constrained\" style=\"border-bottom-color:var(--wp--preset--color--custom-couleur-5);border-bottom-width:2px\">\n<div style=\"height:30px\" aria-hidden=\"true\" class=\"wp-block-spacer\"><\/div>\n<\/div>\n<\/div>\n\n\n\n<div style=\"height:30px\" aria-hidden=\"true\" class=\"wp-block-spacer\"><\/div>\n\n\n\n<div class=\"wp-block-group is-layout-flow wp-block-group-is-layout-flow\" style=\"margin-top:0;margin-bottom:0;padding-top:0;padding-right:0;padding-bottom:0;padding-left:0\">\n<h2 class=\"wp-block-heading has-text-align-left has-custom-couleur-5-color has-text-color has-link-color wp-elements-6891ebe18d46b8106af152ba5c594e0a\" style=\"font-size:clamp(1.502rem, 1.502rem + ((1vw - 0.2rem) * 1.663), 2.5rem);\">M\u00e9moires re\u00e7us<\/h2>\n<\/div>\n\n\n\n<div style=\"height:45px\" aria-hidden=\"true\" class=\"wp-block-spacer\"><\/div>\n\n\n\n<div class=\"wp-block-group is-layout-flow wp-container-core-group-is-layout-9b635ac4 wp-block-group-is-layout-flow\">\n<h3 class=\"wp-block-heading has-custom-couleur-5-color has-text-color has-link-color wp-elements-de4db529029860ad24328314edd0358e\">\u00c0 titre personnel<\/h3>\n\n\n\n<hr class=\"wp-block-separator has-text-color has-contrast-3-color has-alpha-channel-opacity has-contrast-3-background-color has-background is-style-wide block-visibility-hide-small-screen\"\/>\n\n\n\n<p class=\"has-custom-couleur-5-color has-text-color has-link-color wp-elements-d9eefbf2e1243341a958130f401db1a4\" style=\"margin-right:0;margin-left:0\"><strong>1. <\/strong><a href=\"https:\/\/parcmarin.qc.ca\/consultations\/wp-content\/uploads\/sites\/10\/2025\/01\/1.-Audet-Sophie.pdf\" target=\"_blank\" rel=\"noreferrer noopener\">Audet, Sophie<\/a><br><strong>2. <\/strong><a href=\"https:\/\/parcmarin.qc.ca\/consultations\/wp-content\/uploads\/sites\/10\/2025\/01\/2.-Bissonnette-Roxanne-Conin-Lucie-et-Lamraouhi-Nawal.pdf\" target=\"_blank\" rel=\"noreferrer noopener\">Bissonnette, Roxanne; Conin, Lucie et Lamraouhi, Nawal<\/a><br><strong>3. <\/strong><a href=\"https:\/\/parcmarin.qc.ca\/consultations\/wp-content\/uploads\/sites\/10\/2025\/01\/3.-Caron-Michaud-Jason.pdf\" target=\"_blank\" rel=\"noreferrer noopener\">Caron-Michaud, Jason<\/a><br><strong>4. <\/strong><a href=\"https:\/\/parcmarin.qc.ca\/consultations\/wp-content\/uploads\/sites\/10\/2025\/01\/4.-Corrado-Nicole.pdf\" target=\"_blank\" rel=\"noreferrer noopener\">Corrado, Nicole <\/a><em>(Disponible en anglais seulement)<\/em><br><strong>5. <\/strong><a href=\"https:\/\/parcmarin.qc.ca\/consultations\/wp-content\/uploads\/sites\/10\/2025\/01\/5.-Drapeau-Christian.pdf\" target=\"_blank\" rel=\"noreferrer noopener\">Drapeau, Christian<\/a><\/p>\n\n\n\n<div class=\"wp-block-group is-layout-flow wp-block-group-is-layout-flow\" style=\"margin-top:var(--wp--preset--spacing--10);margin-bottom:var(--wp--preset--spacing--10);padding-top:0;padding-left:var(--wp--preset--spacing--40)\">\n<p class=\"has-custom-couleur-5-color has-text-color has-link-color has-small-font-size wp-elements-ac5dae58bd43073ae319ec6cb6291ae1\" style=\"margin-right:0;margin-bottom:0.5rem;margin-left:0\"><strong>Document connexe&nbsp;:<\/strong><\/p>\n\n\n\n<p class=\"has-custom-couleur-5-color has-text-color has-link-color has-small-font-size wp-elements-75a23a5ddfda6c3191c7dd416a4e4be0\" style=\"margin-right:0;margin-left:0\"><strong>5.1 <\/strong><a href=\"https:\/\/parcmarin.qc.ca\/consultations\/wp-content\/uploads\/sites\/10\/2025\/01\/5.1-Petition_motomarine_7nov2024_2.pdf\" target=\"_blank\" rel=\"noreferrer noopener\">P\u00e9tition motomarine<\/a><\/p>\n<\/div>\n\n\n\n<p class=\"has-custom-couleur-5-color has-text-color has-link-color wp-elements-0abbb74e297cc89168da1142c19f75a6\" style=\"margin-right:0;margin-left:0\"><strong>6.<\/strong> <a href=\"https:\/\/parcmarin.qc.ca\/consultations\/wp-content\/uploads\/sites\/10\/2025\/01\/6.-Dubuc-Elise.pdf\" target=\"_blank\" rel=\"noreferrer noopener\">Dubuc, Elise<\/a><br><strong>7. <\/strong><a href=\"https:\/\/parcmarin.qc.ca\/consultations\/wp-content\/uploads\/sites\/10\/2025\/01\/7.-Hebert-Alain.pdf\" target=\"_blank\" rel=\"noreferrer noopener\">H\u00e9bert, Alain<\/a><br><strong>8. <\/strong><a href=\"https:\/\/parcmarin.qc.ca\/consultations\/wp-content\/uploads\/sites\/10\/2025\/01\/8.-Laplante-Johanne.pdf\" target=\"_blank\" rel=\"noreferrer noopener\">Laplante, Johanne<\/a><br><strong>9. <\/strong><a href=\"https:\/\/parcmarin.qc.ca\/consultations\/wp-content\/uploads\/sites\/10\/2025\/01\/9.-Lavigueur-Guy.pdf\" target=\"_blank\" rel=\"noreferrer noopener\">Lavigueur, Guy<\/a><br><strong>10. <\/strong><a href=\"https:\/\/parcmarin.qc.ca\/consultations\/wp-content\/uploads\/sites\/10\/2025\/01\/10.-Pippard-Leone.pdf\" target=\"_blank\" rel=\"noreferrer noopener\">Pippard, Leone<\/a><br><strong>11. <\/strong><a href=\"https:\/\/parcmarin.qc.ca\/consultations\/wp-content\/uploads\/sites\/10\/2025\/01\/11.-Savard-Guillaume.pdf\" target=\"_blank\" rel=\"noreferrer noopener\">Savard, Guillaume<\/a><br><strong>12.<\/strong> <a href=\"https:\/\/parcmarin.qc.ca\/consultations\/wp-content\/uploads\/sites\/10\/2025\/01\/12.-Roy-Sylvain.pdf\" target=\"_blank\" rel=\"noreferrer noopener\">Roy, Sylvain<\/a><br><strong>13. <\/strong><a href=\"https:\/\/parcmarin.qc.ca\/consultations\/wp-content\/uploads\/sites\/10\/2025\/01\/13.-Theriault-Carl.pdf\" target=\"_blank\" rel=\"noreferrer noopener\">Th\u00e9riault, Carl<\/a><\/p>\n<\/div>\n\n\n\n<div style=\"height:40px\" aria-hidden=\"true\" class=\"wp-block-spacer\"><\/div>\n\n\n\n<div class=\"wp-block-group is-layout-flow wp-container-core-group-is-layout-9b635ac4 wp-block-group-is-layout-flow\">\n<h3 class=\"wp-block-heading has-custom-couleur-5-color has-text-color has-link-color wp-elements-95ec5a8b836d925d7a251a38f9539b5b\">Organisations<\/h3>\n\n\n\n<hr class=\"wp-block-separator has-text-color has-contrast-3-color has-alpha-channel-opacity has-contrast-3-background-color has-background is-style-wide block-visibility-hide-small-screen\"\/>\n\n\n\n<p class=\"has-custom-couleur-5-color has-text-color has-link-color wp-elements-30d0ba1a1afaba832645154a2fc27bfe\"><strong>14. <\/strong><a href=\"https:\/\/parcmarin.qc.ca\/consultations\/wp-content\/uploads\/sites\/10\/2025\/01\/14.-Administration-portuaire-du-Saguenay.pdf\" target=\"_blank\" rel=\"noreferrer noopener\">Administration portuaire du Saguenay<\/a><br><strong>15.<\/strong> <a href=\"https:\/\/parcmarin.qc.ca\/consultations\/wp-content\/uploads\/sites\/10\/2025\/01\/15.-Canards-Illimites-Canada.pdf\" target=\"_blank\" rel=\"noreferrer noopener\">Canards Illimit\u00e9s Canada<\/a><br><strong>16.<\/strong> <a href=\"https:\/\/parcmarin.qc.ca\/consultations\/wp-content\/uploads\/sites\/10\/2025\/01\/16.-Comite-consultatif-en-protection-de-lenvironnement-de-LIslet.pdf\" target=\"_blank\" rel=\"noreferrer noopener\">Comit\u00e9 consultatif en protection de l\u2019environnement de L&rsquo;Islet<\/a><\/p>\n\n\n\n<div class=\"wp-block-group is-layout-flow wp-block-group-is-layout-flow\" style=\"margin-top:var(--wp--preset--spacing--10);margin-bottom:var(--wp--preset--spacing--10);padding-left:var(--wp--preset--spacing--40)\">\n<p class=\"has-custom-couleur-5-color has-text-color has-link-color has-small-font-size wp-elements-c98bc79a797606b3620c402bc6808bc3\" style=\"margin-bottom:0.5rem\"><strong>Documents connexes&nbsp;:<\/strong><\/p>\n\n\n\n<p class=\"has-custom-couleur-5-color has-text-color has-link-color has-small-font-size wp-elements-c158e756c889cf79a1b2eb40b85bc597\"><strong>16.1<\/strong> <a href=\"https:\/\/parcmarin.qc.ca\/consultations\/wp-content\/uploads\/sites\/10\/2025\/01\/16.1-Resolution_Musee-Maritime-Du-Quebec.pdf\" target=\"_blank\" rel=\"noreferrer noopener\">R\u00e9solution Mus\u00e9e Maritime Du Qu\u00e9bec<\/a><br><strong>16.2<\/strong> <a href=\"https:\/\/parcmarin.qc.ca\/consultations\/wp-content\/uploads\/sites\/10\/2025\/01\/16.2-Resolution-Municipalite-de-LIslet.pdf\" target=\"_blank\" rel=\"noreferrer noopener\">R\u00e9solution Municipalit\u00e9 de L&rsquo;Islet<\/a><\/p>\n<\/div>\n\n\n\n<p class=\"has-custom-couleur-5-color has-text-color has-link-color wp-elements-9eece88a168e93b93d190d479680ec5a\"><strong>17.<\/strong> <a href=\"https:\/\/parcmarin.qc.ca\/consultations\/wp-content\/uploads\/sites\/10\/2025\/01\/Cratere-et-marees.pdf\" target=\"_blank\" rel=\"noreferrer noopener\">Comit\u00e9 touristique Crat\u00e8re et mar\u00e9es<\/a><br><strong>18.<\/strong> <a href=\"https:\/\/parcmarin.qc.ca\/consultations\/wp-content\/uploads\/sites\/10\/2025\/01\/17.-Conseil-regional-de-lenvironnement-du-Bas-Saint-Laurent-comite-ZIP-du-Sud-de-lEstuaire-et-Table-de-concertation-regionale-du-sud-de-lestuaire-moyen.pdf\" target=\"_blank\" rel=\"noreferrer noopener\">Conseil r\u00e9gional de l&rsquo;environnement du Bas-Saint-Laurent, comit\u00e9 ZIP du Sud-de-l&rsquo;Estuaire et Table de concertation r\u00e9gionale du sud de l\u2019estuaire moyen<\/a><br><strong>19.<\/strong> <a href=\"https:\/\/parcmarin.qc.ca\/consultations\/wp-content\/uploads\/sites\/10\/2025\/01\/18.-Conseil-regional-de-lenvironnement-du-Bas-Saint-Laurent-comite-ZIP-du-Sud-de-lEstuaire-Horizon-Nature-Bas-Saint-Laurent-Observatoire-des-oiseaux-de-Rimouski-OBV-du-Nord-Est.pdf\" target=\"_blank\" rel=\"noreferrer noopener\">Conseil r\u00e9gional de l&rsquo;environnement du Bas-Saint-Laurent, comit\u00e9 ZIP du Sud-de-l&rsquo;Estuaire, Horizon-Nature Bas-Saint-Laurent, Observatoire des oiseaux de Rimouski, OBV du Nord-Est<\/a><\/p>\n\n\n\n<div class=\"wp-block-group is-layout-flow wp-block-group-is-layout-flow\" style=\"margin-top:var(--wp--preset--spacing--10);margin-bottom:var(--wp--preset--spacing--10);padding-left:var(--wp--preset--spacing--40)\">\n<p class=\"has-custom-couleur-5-color has-text-color has-link-color has-small-font-size wp-elements-c98bc79a797606b3620c402bc6808bc3\" style=\"margin-bottom:0.5rem\"><strong>Documents connexes&nbsp;:<\/strong><\/p>\n\n\n\n<p class=\"has-custom-couleur-5-color has-text-color has-link-color has-small-font-size wp-elements-1d59b357ddf2927cd88a0fee0880e09c\"><strong>19.1<\/strong> <a href=\"https:\/\/parcmarin.qc.ca\/consultations\/wp-content\/uploads\/sites\/10\/2025\/01\/18.1-Carte_Ajout_Baie_Rimouski_CREBSL-scaled.jpeg\" target=\"_blank\" rel=\"noreferrer noopener\">Carte de l&rsquo;ajout propos\u00e9<\/a><br><strong>19.2<\/strong> <a href=\"https:\/\/www.zipsud.org\/wp-content\/uploads\/2017\/04\/portrait_baie_riki_zipsud_compresse_2017.pdf\" target=\"_blank\" rel=\"noreferrer noopener\">La baie de Rimouski : Des habitats c\u00f4tiers en milieu urbain<\/a>.<br><strong>19.3<\/strong> <a href=\"https:\/\/www.zipsud.org\/wp-content\/uploads\/2018\/02\/Inventaire-oiseaux-de-rivages-RNF-Pte.-au-P%C3%A8re_ZIPSE_2015.pdf\" target=\"_blank\" rel=\"noreferrer noopener\">Inventaire des oiseaux de rivage dans la r\u00e9serve nationale de faune de Pointe-au-P\u00e8re \u00e0 l\u2019automne 2015<\/a><br><strong>19.4<\/strong> <a href=\"https:\/\/zipsud.org\/wp-content\/uploads\/2014\/02\/plan-conservation-ZICO.pdf\" target=\"_blank\" rel=\"noreferrer noopener\">Plan de conservation de la ZICO de Rimouski<\/a><br><strong>19.5 <\/strong><a href=\"https:\/\/parcmarin.qc.ca\/consultations\/wp-content\/uploads\/sites\/10\/2025\/01\/18.5-Proposition_Appel_projets_Baie-de-Rimouski_ZIPSE.pdf\" target=\"_blank\" rel=\"noreferrer noopener\">Proposition d\u2019un territoire \u00e0 prot\u00e9ger : La R\u00e9serve marine de la Baie de Rimouski<\/a><br><strong>19.6 <\/strong><a href=\"https:\/\/parcmarin.qc.ca\/consultations\/wp-content\/uploads\/sites\/10\/2025\/01\/18.6-Rapport_final_EP_RNFPAP_ZIPSE_2021.pdf\" target=\"_blank\" rel=\"noreferrer noopener\">Inventaires et utilisations des habitats par les esp\u00e8ces en p\u00e9ril et par l\u2019eider \u00e0 duvet sur la r\u00e9serve nationale de faune de Pointeau-P\u00e8re<\/a><br><strong>19.7<\/strong> <a href=\"https:\/\/waves-vagues.dfo-mpo.gc.ca\/library-bibliotheque\/347066.pdf\" target=\"_blank\" rel=\"noreferrer noopener\">Suivi de la v\u00e9g\u00e9tation et des poissons dans six zosteraies au Qu\u00e9bec (2005-2010)<\/a><\/p>\n<\/div>\n\n\n\n<p class=\"has-custom-couleur-5-color has-text-color has-link-color wp-elements-29ae4b40d5c247dcfb0448e6487449ec\"><strong>20.<\/strong> <a href=\"https:\/\/parcmarin.qc.ca\/consultations\/wp-content\/uploads\/sites\/10\/2025\/01\/19.-Conseil-regional-de-lenvironnement-et-du-developpement-durable-du-SLSJ.pdf\" target=\"_blank\" rel=\"noreferrer noopener\">Conseil r\u00e9gional de l&rsquo;environnement et du d\u00e9veloppement durable du Saguenay-Lac-Saint-Jean<\/a><br><strong>21.<\/strong> <a href=\"https:\/\/parcmarin.qc.ca\/consultations\/wp-content\/uploads\/sites\/10\/2025\/01\/20.-Conservation-de-la-nature-Canada.pdf\" target=\"_blank\" rel=\"noreferrer noopener\">Conservation de la nature Canada<\/a><br><strong>22.<\/strong> <a href=\"https:\/\/parcmarin.qc.ca\/consultations\/wp-content\/uploads\/sites\/10\/2025\/01\/22.-Croisieres-AML.pdf\" target=\"_blank\" rel=\"noreferrer noopener\">Croisi\u00e8res AML<\/a><br><strong>23.<\/strong> <a href=\"https:\/\/parcmarin.qc.ca\/consultations\/wp-content\/uploads\/sites\/10\/2025\/01\/23.-Environnement-Cote-Nord.pdf\" target=\"_blank\" rel=\"noreferrer noopener\">Environnement C\u00f4te-Nord<\/a><br><strong>24.<\/strong> <a href=\"https:\/\/parcmarin.qc.ca\/consultations\/wp-content\/uploads\/sites\/10\/2025\/01\/24.-Explos-Nature.pdf\" target=\"_blank\" rel=\"noreferrer noopener\">Explos-Nature<\/a><br><strong>25.<\/strong> <a href=\"https:\/\/parcmarin.qc.ca\/consultations\/wp-content\/uploads\/sites\/10\/2025\/01\/25.-Groupe-de-recherche-et-deducation-sur-les-mammiferes-marins.pdf\" target=\"_blank\" rel=\"noreferrer noopener\">Groupe de recherche et d&rsquo;\u00e9ducation sur les mammif\u00e8res marins<\/a><br><strong>26.<\/strong> <a href=\"https:\/\/parcmarin.qc.ca\/consultations\/wp-content\/uploads\/sites\/10\/2025\/01\/27.-Institut-nordique-de-recherche-en-environnement-et-en-sante-au-travail.pdf\" target=\"_blank\" rel=\"noreferrer noopener\">Institut nordique de recherche en environnement et en sant\u00e9 au travail<\/a><br><strong>27.<\/strong> <a href=\"https:\/\/parcmarin.qc.ca\/consultations\/wp-content\/uploads\/sites\/10\/2025\/01\/28.-Institut-de-recherche-en-histoire-maritime-et-archeologie-subaquatique.pdf\" target=\"_blank\" rel=\"noreferrer noopener\">Institut de recherche en histoire maritime et arch\u00e9ologie subaquatique<\/a><br><strong>28. <\/strong><a href=\"https:\/\/parcmarin.qc.ca\/consultations\/wp-content\/uploads\/sites\/10\/2025\/01\/29.-LEscale-maritime-de-Trois-Pistoles.pdf\" target=\"_blank\" rel=\"noreferrer noopener\">L&rsquo;Escale maritime de Trois-Pistoles<\/a><br><strong>29.<\/strong> <a href=\"https:\/\/parcmarin.qc.ca\/consultations\/wp-content\/uploads\/sites\/10\/2025\/01\/30.-Marina-de-Trois-Pistoles.pdf\" target=\"_blank\" rel=\"noreferrer noopener\">Marina de Trois-Pistoles<\/a><br><strong>30.<\/strong> <a href=\"https:\/\/parcmarin.qc.ca\/consultations\/wp-content\/uploads\/sites\/10\/2025\/01\/31.-Meriscope.pdf\" target=\"_blank\" rel=\"noreferrer noopener\">M\u00e9riscope<\/a><br><strong>31.<\/strong> <a href=\"https:\/\/parcmarin.qc.ca\/consultations\/wp-content\/uploads\/sites\/10\/2025\/01\/32.-Municipalite-de-Saint-Andre-de-Kamouraska.pdf\" target=\"_blank\" rel=\"noreferrer noopener\">Municipalit\u00e9 de Saint-Andr\u00e9-de-Kamouraska<\/a><br><strong>32.<\/strong> <a href=\"https:\/\/parcmarin.qc.ca\/consultations\/wp-content\/uploads\/sites\/10\/2025\/01\/33.-Musee-regional-de-Kamouraska.pdf\" target=\"_blank\" rel=\"noreferrer noopener\">Mus\u00e9e r\u00e9gional de Kamouraska<\/a><br><strong>33.<\/strong> <a href=\"https:\/\/parcmarin.qc.ca\/consultations\/wp-content\/uploads\/sites\/10\/2025\/01\/34.-Nature-Quebec.pdf\" target=\"_blank\" rel=\"noreferrer noopener\">Nature Qu\u00e9bec<\/a><br><strong>34.<\/strong> <a href=\"https:\/\/parcmarin.qc.ca\/consultations\/wp-content\/uploads\/sites\/10\/2025\/01\/35.-Organisme-de-bassin-versant-du-Saguenay.pdf\" target=\"_blank\" rel=\"noreferrer noopener\">Organisme de bassin versant du Saguenay<\/a><br><strong>35.<\/strong> <a href=\"https:\/\/parcmarin.qc.ca\/consultations\/wp-content\/uploads\/sites\/10\/2025\/01\/36.-Patrimoine-maritime-de-Kamouraska.pdf\" target=\"_blank\" rel=\"noreferrer noopener\">Patrimoine maritime de Kamouraska<\/a><br><strong>36.<\/strong> <a href=\"https:\/\/parcmarin.qc.ca\/consultations\/wp-content\/uploads\/sites\/10\/2025\/01\/37.-Region-de-la-biosphere-de-Charlevoix.pdf\" target=\"_blank\" rel=\"noreferrer noopener\">R\u00e9gion de la biosph\u00e8re de Charlevoix<\/a><br><strong>37.<\/strong> <a href=\"https:\/\/parcmarin.qc.ca\/consultations\/wp-content\/uploads\/sites\/10\/2025\/01\/38.-Reseau-d-observation-des-mammiferes-marins.pdf\" target=\"_blank\" rel=\"noreferrer noopener\">R\u00e9seau d observation des mammif\u00e8res marins<\/a><br><strong>38.<\/strong> <a href=\"https:\/\/parcmarin.qc.ca\/consultations\/wp-content\/uploads\/sites\/10\/2025\/01\/39.-SADC-du-Kamouraska_SADC-de-la-MRC-de-Riviere-du-Loup_SADC-des-Basques_SADC-de-la-Neigette-et-Centre-d-aide-aux-entreprises-de-Montmagny-L-Islet.pdf\" target=\"_blank\" rel=\"noreferrer noopener\">Soci\u00e9t\u00e9 d&rsquo;aide au d\u00e9veloppement des collectivit\u00e9s (SADC) du Kamouraska; SADC de la MRC de Rivi\u00e8re-du-Loup; SADC des Basques; SADC de la Neigette et Centre d\u2019aide aux entreprises de Montmagny-L\u2019Islet<\/a><br><strong>39.<\/strong> <a href=\"https:\/\/parcmarin.qc.ca\/consultations\/wp-content\/uploads\/sites\/10\/2025\/01\/40.-Societe-de-protection-et-damenagement-de-lIle-aux-Pommes.pdf\" target=\"_blank\" rel=\"noreferrer noopener\">Soci\u00e9t\u00e9 de protection et d\u2019am\u00e9nagement de l\u2019\u00cele aux Pommes<\/a><br><strong>40.<\/strong> <a href=\"https:\/\/parcmarin.qc.ca\/consultations\/wp-content\/uploads\/sites\/10\/2025\/01\/41.-Societe-Duvetnor-Ltee.pdf\" target=\"_blank\" rel=\"noreferrer noopener\">Soci\u00e9t\u00e9 Duvetnor Lt\u00e9e<\/a><br><strong>41.<\/strong> <a href=\"https:\/\/parcmarin.qc.ca\/consultations\/wp-content\/uploads\/sites\/10\/2025\/01\/42.-Societe-pour-la-nature-et-les-parcs-du-Quebec.pdf\" target=\"_blank\" rel=\"noreferrer noopener\">Soci\u00e9t\u00e9 pour la nature et les parcs du Qu\u00e9bec<\/a><br><strong>42.<\/strong> <a href=\"https:\/\/parcmarin.qc.ca\/consultations\/wp-content\/uploads\/sites\/10\/2025\/01\/43.-Societe-Provancher-dhistoire-naturelle-du-Canada.pdf\" target=\"_blank\" rel=\"noreferrer noopener\">Soci\u00e9t\u00e9 Provancher d&rsquo;histoire naturelle du Canada<\/a><br><strong>43.<\/strong> <a href=\"https:\/\/parcmarin.qc.ca\/consultations\/wp-content\/uploads\/sites\/10\/2025\/01\/44.-Table-de-concertation-regionale-du-sud-de-lestuaire-moyen.pdf\" target=\"_blank\" rel=\"noreferrer noopener\">Table de concertation r\u00e9gionale du sud de l&rsquo;estuaire moyen<\/a><br><strong>44.<\/strong> <a href=\"https:\/\/parcmarin.qc.ca\/consultations\/wp-content\/uploads\/sites\/10\/2025\/01\/45.-Tourisme-Bas-Saint-Laurent.pdf\" target=\"_blank\" rel=\"noreferrer noopener\">Tourisme Bas-Saint-Laurent<\/a><br><strong>45.<\/strong> <a href=\"https:\/\/parcmarin.qc.ca\/consultations\/wp-content\/uploads\/sites\/10\/2025\/01\/46.-Tourisme-Charlevoix-Tourisme-Cote-Nord-et-Tourisme-Saguenay\u2013Lac-Saint-Jean.pdf\" target=\"_blank\" rel=\"noreferrer noopener\">Tourisme Charlevoix, Tourisme C\u00f4te-Nord et Tourisme Saguenay\u2013Lac-Saint-Jean<\/a><\/p>\n\n\n\n<p class=\"has-text-align-left has-custom-couleur-5-color has-text-color has-link-color has-small-font-size wp-elements-ffb3dcfa1cb4da23f92c2e7888f2f9d6\" style=\"margin-top:var(--wp--preset--spacing--20);margin-bottom:var(--wp--preset--spacing--20)\"><em>Les num\u00e9ros de m\u00e9moire ont \u00e9t\u00e9 attribu\u00e9s en ordre alphab\u00e9tique.<\/em><\/p>\n<\/div>\n<\/div>\n\n\n\n<div class=\"wp-block-group alignfull has-custom-couleur-5-color has-custom-couleur-20-background-color has-text-color has-background has-link-color wp-elements-9f6a5ec62199bdc6cec0dcfa3800cfd8 is-layout-flow wp-block-group-is-layout-flow\" style=\"margin-top:var(--wp--preset--spacing--10);margin-bottom:var(--wp--preset--spacing--10);padding-top:var(--wp--preset--spacing--30);padding-right:var(--wp--preset--spacing--50);padding-bottom:var(--wp--preset--spacing--30);padding-left:var(--wp--preset--spacing--50)\">\n<div class=\"wp-block-group is-content-justification-space-between is-layout-flex wp-container-core-group-is-layout-36013cb1 wp-block-group-is-layout-flex\">\n<div class=\"wp-block-group is-vertical is-layout-flex wp-container-core-group-is-layout-fe9cc265 wp-block-group-is-layout-flex\">\n<h6 class=\"wp-block-heading has-custom-couleur-5-color has-text-color has-link-color wp-elements-6693842f24b48bc3eb8a68191bd3906d\" style=\"margin-top:var(--wp--preset--spacing--10);margin-bottom:var(--wp--preset--spacing--10)\">Documentation<\/h6>\n\n\n\n<div class=\"wp-block-group has-global-padding is-layout-constrained wp-container-core-group-is-layout-7db9d80f wp-block-group-is-layout-constrained\" style=\"padding-right:0;padding-left:0\">\n<a href=\"https:\/\/parcmarin.qc.ca\/consultations\/wp-content\/uploads\/sites\/10\/2024\/10\/document-dinformation-2024.pdf\" style=\"text-decoration:none\" target=\"_blank\" rel=\"noopener\">\n\n\n\n<div class=\"wp-block-group is-nowrap is-layout-flex wp-container-core-group-is-layout-fb2bd6f2 wp-block-group-is-layout-flex\" style=\"margin-top:var(--wp--preset--spacing--10);margin-bottom:var(--wp--preset--spacing--10)\">\n<i class=\"fa-regular fa-file-lines\"><\/i>\n\n\n\n<p class=\"has-text-align-left\">Document d&rsquo;information<sup> (PDF, 36 mo)<\/sup><\/p>\n<\/div>\n\n\n\n<\/a>\n\n\n\n<hr class=\"wp-block-separator has-text-color has-contrast-3-color has-alpha-channel-opacity has-contrast-3-background-color has-background is-style-wide\" style=\"margin-top:0;margin-bottom:0\"\/>\n\n\n\n<a href=\"https:\/\/parcmarin.qc.ca\/consultations\/wp-content\/uploads\/sites\/10\/2024\/10\/portrait-du-territoire-2024.pdf\" style=\"text-decoration:none\"target=\"_blank\">\n\n\n\n<div class=\"wp-block-group is-nowrap is-layout-flex wp-container-core-group-is-layout-e5556b57 wp-block-group-is-layout-flex\" style=\"margin-top:var(--wp--preset--spacing--10);margin-bottom:var(--wp--preset--spacing--10)\">\n<i class=\"fa-regular fa-file-lines\"><\/i>\n\n\n\n<p>Portrait du territoire<sup> (PDF, 93 mo)<\/sup><\/p>\n<\/div>\n\n\n\n<\/a>\n\n\n\n<hr class=\"wp-block-separator has-text-color has-contrast-3-color has-alpha-channel-opacity has-contrast-3-background-color has-background is-style-wide\" style=\"margin-top:0;margin-bottom:0\"\/>\n\n\n\n<a href=\"https:\/\/youtu.be\/3E8uWIvzIzo\" style=\"text-decoration:none\"target=\"_blank\">\n\n\n\n<div class=\"wp-block-group is-nowrap is-layout-flex wp-container-core-group-is-layout-f4691d1d wp-block-group-is-layout-flex\" style=\"margin-top:var(--wp--preset--spacing--10);margin-bottom:var(--wp--preset--spacing--10)\">\n<i class=\"fa-brands fa-youtube\"><\/i>\n\n\n\n<p>Visualisez la pr\u00e9sentation<\/p>\n<\/div>\n\n\n\n<\/a>\n<\/div>\n<\/div>\n\n\n\n<div class=\"wp-block-group is-vertical is-layout-flex wp-container-core-group-is-layout-fe9cc265 wp-block-group-is-layout-flex\">\n<h6 class=\"wp-block-heading has-custom-couleur-5-color has-text-color has-link-color wp-elements-09187eb81ec7559aacebce1066e3a342\" style=\"margin-top:var(--wp--preset--spacing--10);margin-bottom:var(--wp--preset--spacing--10)\"><strong>\u00c9v\u00e9nements participatifs<\/strong><\/h6>\n\n\n\n<div class=\"wp-block-group is-nowrap is-layout-flex wp-container-core-group-is-layout-17c695da wp-block-group-is-layout-flex\">\n<i class=\"fa-regular fa-calendar-check\"><\/i>\n\n\n\n<p><a href=\"#evenements\" data-type=\"internal\" data-id=\"#evenements\">4 novembre, Rimouski (Le Bic)<\/a><\/p>\n<\/div>\n\n\n\n<div class=\"wp-block-group is-nowrap is-layout-flex wp-container-core-group-is-layout-17c695da wp-block-group-is-layout-flex\">\n<i class=\"fa-regular fa-calendar-check\"><\/i>\n\n\n\n<p><a href=\"#evenements\">6 novembre, Rivi\u00e8re-du-Loup<\/a><\/p>\n<\/div>\n\n\n\n<div class=\"wp-block-group is-nowrap is-layout-flex wp-container-core-group-is-layout-17c695da wp-block-group-is-layout-flex\">\n<i class=\"fa-regular fa-calendar-check\"><\/i>\n\n\n\n<p><a href=\"#evenements\">7 novembre, Kamouraska<\/a><\/p>\n<\/div>\n\n\n\n<div class=\"wp-block-group is-nowrap is-layout-flex wp-container-core-group-is-layout-17c695da wp-block-group-is-layout-flex\">\n<i class=\"fa-regular fa-calendar-check\"><\/i>\n\n\n\n<p><a href=\"#evenements\">12 novembre, Saint-Ir\u00e9n\u00e9e<\/a><\/p>\n<\/div>\n\n\n\n<div class=\"wp-block-group is-nowrap is-layout-flex wp-container-core-group-is-layout-17c695da wp-block-group-is-layout-flex\">\n<i class=\"fa-regular fa-calendar-check\"><\/i>\n\n\n\n<p><a href=\"#evenements\">13 novembre, Les Escoumins<\/a><\/p>\n<\/div>\n<\/div>\n\n\n\n<div class=\"wp-block-group is-vertical is-layout-flex wp-container-core-group-is-layout-fe9cc265 wp-block-group-is-layout-flex\">\n<h6 class=\"wp-block-heading has-custom-couleur-5-color has-text-color has-link-color wp-elements-c6a4d56f671bad605ec1b524e13b9f12\" style=\"margin-top:var(--wp--preset--spacing--10);margin-bottom:var(--wp--preset--spacing--10)\"><\/h6>\n<\/div>\n<\/div>\n<\/div>\n","protected":false},"excerpt":{"rendered":"<p>Projet d\u2019agrandissement du parc marin du Saguenay\u2013Saint-Laurent M\u00e9moires re\u00e7us \u00c0 titre personnel 1. Audet, Sophie2. Bissonnette, Roxanne; Conin, Lucie et Lamraouhi, Nawal3. Caron-Michaud, Jason4. Corrado, Nicole (Disponible en anglais seulement)5. Drapeau, Christian Document connexe&nbsp;: 5.1 P\u00e9tition motomarine 6. Dubuc, Elise7. H\u00e9bert, Alain8. Laplante, Johanne9. Lavigueur, Guy10. Pippard, Leone11. Savard, Guillaume12. Roy, Sylvain13. Th\u00e9riault, Carl Organisations [&hellip;]<\/p>\n","protected":false},"author":1,"featured_media":0,"parent":0,"menu_order":0,"comment_status":"closed","ping_status":"closed","template":"wp-custom-template-page-consultation","meta":{"CBBTypography":[],"footnotes":""},"class_list":["post-2225","page","type-page","status-publish","hentry"],"yoast_head":"<!-- This site is optimized with the Yoast SEO plugin v27.4 - https:\/\/yoast.com\/product\/yoast-seo-wordpress\/ -->\n<title>M\u00e9moires re\u00e7us - consultations<\/title>\n<meta name=\"robots\" content=\"index, follow, max-snippet:-1, max-image-preview:large, max-video-preview:-1\" \/>\n<link rel=\"canonical\" href=\"https:\/\/parcmarin.qc.ca\/consultations\/memoires-recus\/\" \/>\n<meta property=\"og:locale\" content=\"fr_CA\" \/>\n<meta property=\"og:type\" content=\"article\" \/>\n<meta property=\"og:title\" content=\"M\u00e9moires re\u00e7us - consultations\" \/>\n<meta property=\"og:description\" content=\"Projet d\u2019agrandissement du parc marin du Saguenay\u2013Saint-Laurent M\u00e9moires re\u00e7us \u00c0 titre personnel 1. Audet, Sophie2. Bissonnette, Roxanne; Conin, Lucie et Lamraouhi, Nawal3. Caron-Michaud, Jason4. Corrado, Nicole (Disponible en anglais seulement)5. Drapeau, Christian Document connexe&nbsp;: 5.1 P\u00e9tition motomarine 6. Dubuc, Elise7. H\u00e9bert, Alain8. Laplante, Johanne9. Lavigueur, Guy10. Pippard, Leone11. Savard, Guillaume12. Roy, Sylvain13. Th\u00e9riault, Carl Organisations [&hellip;]\" \/>\n<meta property=\"og:url\" content=\"https:\/\/parcmarin.qc.ca\/consultations\/memoires-recus\/\" \/>\n<meta property=\"og:site_name\" content=\"consultations\" \/>\n<meta property=\"article:publisher\" content=\"https:\/\/www.facebook.com\/parcmarinSSL\" \/>\n<meta property=\"article:modified_time\" content=\"2025-11-19T15:45:19+00:00\" \/>\n<meta name=\"twitter:card\" content=\"summary_large_image\" \/>\n<meta name=\"twitter:label1\" content=\"Estimation du temps de lecture\" \/>\n\t<meta name=\"twitter:data1\" content=\"3 minutes\" \/>\n<script type=\"application\/ld+json\" class=\"yoast-schema-graph\">{\"@context\":\"https:\\\/\\\/schema.org\",\"@graph\":[{\"@type\":\"WebPage\",\"@id\":\"https:\\\/\\\/parcmarin.qc.ca\\\/consultations\\\/memoires-recus\\\/\",\"url\":\"https:\\\/\\\/parcmarin.qc.ca\\\/consultations\\\/memoires-recus\\\/\",\"name\":\"M\u00e9moires re\u00e7us - consultations\",\"isPartOf\":{\"@id\":\"https:\\\/\\\/parcmarin.qc.ca\\\/consultations\\\/#website\"},\"datePublished\":\"2025-01-08T21:05:29+00:00\",\"dateModified\":\"2025-11-19T15:45:19+00:00\",\"breadcrumb\":{\"@id\":\"https:\\\/\\\/parcmarin.qc.ca\\\/consultations\\\/memoires-recus\\\/#breadcrumb\"},\"inLanguage\":\"fr-CA\",\"potentialAction\":[{\"@type\":\"ReadAction\",\"target\":[\"https:\\\/\\\/parcmarin.qc.ca\\\/consultations\\\/memoires-recus\\\/\"]}]},{\"@type\":\"BreadcrumbList\",\"@id\":\"https:\\\/\\\/parcmarin.qc.ca\\\/consultations\\\/memoires-recus\\\/#breadcrumb\",\"itemListElement\":[{\"@type\":\"ListItem\",\"position\":1,\"name\":\"Accueil\",\"item\":\"https:\\\/\\\/parcmarin.qc.ca\\\/consultations\\\/accueil\\\/\"},{\"@type\":\"ListItem\",\"position\":2,\"name\":\"M\u00e9moires re\u00e7us\"}]},{\"@type\":\"WebSite\",\"@id\":\"https:\\\/\\\/parcmarin.qc.ca\\\/consultations\\\/#website\",\"url\":\"https:\\\/\\\/parcmarin.qc.ca\\\/consultations\\\/\",\"name\":\"Consultations publiques - parc marin du Saguenay-Saint-Laurent\",\"description\":\"\",\"publisher\":{\"@id\":\"https:\\\/\\\/parcmarin.qc.ca\\\/consultations\\\/#organization\"},\"potentialAction\":[{\"@type\":\"SearchAction\",\"target\":{\"@type\":\"EntryPoint\",\"urlTemplate\":\"https:\\\/\\\/parcmarin.qc.ca\\\/consultations\\\/?s={search_term_string}\"},\"query-input\":{\"@type\":\"PropertyValueSpecification\",\"valueRequired\":true,\"valueName\":\"search_term_string\"}}],\"inLanguage\":\"fr-CA\"},{\"@type\":\"Organization\",\"@id\":\"https:\\\/\\\/parcmarin.qc.ca\\\/consultations\\\/#organization\",\"name\":\"parc marin du Saguenay-Saint-Laurent\",\"url\":\"https:\\\/\\\/parcmarin.qc.ca\\\/consultations\\\/\",\"logo\":{\"@type\":\"ImageObject\",\"inLanguage\":\"fr-CA\",\"@id\":\"https:\\\/\\\/parcmarin.qc.ca\\\/consultations\\\/#\\\/schema\\\/logo\\\/image\\\/\",\"url\":\"https:\\\/\\\/parcmarin.qc.ca\\\/consultations\\\/wp-content\\\/uploads\\\/sites\\\/10\\\/2024\\\/04\\\/logo-seul.png\",\"contentUrl\":\"https:\\\/\\\/parcmarin.qc.ca\\\/consultations\\\/wp-content\\\/uploads\\\/sites\\\/10\\\/2024\\\/04\\\/logo-seul.png\",\"width\":500,\"height\":167,\"caption\":\"parc marin du Saguenay-Saint-Laurent\"},\"image\":{\"@id\":\"https:\\\/\\\/parcmarin.qc.ca\\\/consultations\\\/#\\\/schema\\\/logo\\\/image\\\/\"},\"sameAs\":[\"https:\\\/\\\/www.facebook.com\\\/parcmarinSSL\"]}]}<\/script>\n<!-- \/ Yoast SEO plugin. -->","yoast_head_json":{"title":"M\u00e9moires re\u00e7us - consultations","robots":{"index":"index","follow":"follow","max-snippet":"max-snippet:-1","max-image-preview":"max-image-preview:large","max-video-preview":"max-video-preview:-1"},"canonical":"https:\/\/parcmarin.qc.ca\/consultations\/memoires-recus\/","og_locale":"fr_CA","og_type":"article","og_title":"M\u00e9moires re\u00e7us - consultations","og_description":"Projet d\u2019agrandissement du parc marin du Saguenay\u2013Saint-Laurent M\u00e9moires re\u00e7us \u00c0 titre personnel 1. Audet, Sophie2. Bissonnette, Roxanne; Conin, Lucie et Lamraouhi, Nawal3. Caron-Michaud, Jason4. Corrado, Nicole (Disponible en anglais seulement)5. Drapeau, Christian Document connexe&nbsp;: 5.1 P\u00e9tition motomarine 6. Dubuc, Elise7. H\u00e9bert, Alain8. Laplante, Johanne9. Lavigueur, Guy10. Pippard, Leone11. Savard, Guillaume12. Roy, Sylvain13. Th\u00e9riault, Carl Organisations [&hellip;]","og_url":"https:\/\/parcmarin.qc.ca\/consultations\/memoires-recus\/","og_site_name":"consultations","article_publisher":"https:\/\/www.facebook.com\/parcmarinSSL","article_modified_time":"2025-11-19T15:45:19+00:00","twitter_card":"summary_large_image","twitter_misc":{"Estimation du temps de lecture":"3 minutes"},"schema":{"@context":"https:\/\/schema.org","@graph":[{"@type":"WebPage","@id":"https:\/\/parcmarin.qc.ca\/consultations\/memoires-recus\/","url":"https:\/\/parcmarin.qc.ca\/consultations\/memoires-recus\/","name":"M\u00e9moires re\u00e7us - consultations","isPartOf":{"@id":"https:\/\/parcmarin.qc.ca\/consultations\/#website"},"datePublished":"2025-01-08T21:05:29+00:00","dateModified":"2025-11-19T15:45:19+00:00","breadcrumb":{"@id":"https:\/\/parcmarin.qc.ca\/consultations\/memoires-recus\/#breadcrumb"},"inLanguage":"fr-CA","potentialAction":[{"@type":"ReadAction","target":["https:\/\/parcmarin.qc.ca\/consultations\/memoires-recus\/"]}]},{"@type":"BreadcrumbList","@id":"https:\/\/parcmarin.qc.ca\/consultations\/memoires-recus\/#breadcrumb","itemListElement":[{"@type":"ListItem","position":1,"name":"Accueil","item":"https:\/\/parcmarin.qc.ca\/consultations\/accueil\/"},{"@type":"ListItem","position":2,"name":"M\u00e9moires re\u00e7us"}]},{"@type":"WebSite","@id":"https:\/\/parcmarin.qc.ca\/consultations\/#website","url":"https:\/\/parcmarin.qc.ca\/consultations\/","name":"Consultations publiques - parc marin du Saguenay-Saint-Laurent","description":"","publisher":{"@id":"https:\/\/parcmarin.qc.ca\/consultations\/#organization"},"potentialAction":[{"@type":"SearchAction","target":{"@type":"EntryPoint","urlTemplate":"https:\/\/parcmarin.qc.ca\/consultations\/?s={search_term_string}"},"query-input":{"@type":"PropertyValueSpecification","valueRequired":true,"valueName":"search_term_string"}}],"inLanguage":"fr-CA"},{"@type":"Organization","@id":"https:\/\/parcmarin.qc.ca\/consultations\/#organization","name":"parc marin du Saguenay-Saint-Laurent","url":"https:\/\/parcmarin.qc.ca\/consultations\/","logo":{"@type":"ImageObject","inLanguage":"fr-CA","@id":"https:\/\/parcmarin.qc.ca\/consultations\/#\/schema\/logo\/image\/","url":"https:\/\/parcmarin.qc.ca\/consultations\/wp-content\/uploads\/sites\/10\/2024\/04\/logo-seul.png","contentUrl":"https:\/\/parcmarin.qc.ca\/consultations\/wp-content\/uploads\/sites\/10\/2024\/04\/logo-seul.png","width":500,"height":167,"caption":"parc marin du Saguenay-Saint-Laurent"},"image":{"@id":"https:\/\/parcmarin.qc.ca\/consultations\/#\/schema\/logo\/image\/"},"sameAs":["https:\/\/www.facebook.com\/parcmarinSSL"]}]}},"lang":"fr","translations":{"fr":2225,"en":2398},"pll_sync_post":{},"_links":{"self":[{"href":"https:\/\/parcmarin.qc.ca\/consultations\/wp-json\/wp\/v2\/pages\/2225","targetHints":{"allow":["GET"]}}],"collection":[{"href":"https:\/\/parcmarin.qc.ca\/consultations\/wp-json\/wp\/v2\/pages"}],"about":[{"href":"https:\/\/parcmarin.qc.ca\/consultations\/wp-json\/wp\/v2\/types\/page"}],"author":[{"embeddable":true,"href":"https:\/\/parcmarin.qc.ca\/consultations\/wp-json\/wp\/v2\/users\/1"}],"replies":[{"embeddable":true,"href":"https:\/\/parcmarin.qc.ca\/consultations\/wp-json\/wp\/v2\/comments?post=2225"}],"version-history":[{"count":95,"href":"https:\/\/parcmarin.qc.ca\/consultations\/wp-json\/wp\/v2\/pages\/2225\/revisions"}],"predecessor-version":[{"id":2924,"href":"https:\/\/parcmarin.qc.ca\/consultations\/wp-json\/wp\/v2\/pages\/2225\/revisions\/2924"}],"wp:attachment":[{"href":"https:\/\/parcmarin.qc.ca\/consultations\/wp-json\/wp\/v2\/media?parent=2225"}],"curies":[{"name":"wp","href":"https:\/\/api.w.org\/{rel}","templated":true}]}}