{"id":6,"date":"2024-04-18T13:26:07","date_gmt":"2024-04-18T17:26:07","guid":{"rendered":"https:\/\/parcmarin.qc.ca\/consultations\/?page_id=6"},"modified":"2025-11-19T10:43:18","modified_gmt":"2025-11-19T15:43:18","slug":"accueil","status":"publish","type":"page","link":"https:\/\/parcmarin.qc.ca\/consultations\/accueil\/","title":{"rendered":"Accueil"},"content":{"rendered":"\n<div class=\"wp-block-group is-layout-flow wp-container-core-group-is-layout-643d7a9e wp-block-group-is-layout-flow\" style=\"margin-top:0px;margin-bottom:0px;padding-top:0;padding-right:var(--wp--preset--spacing--50);padding-bottom:0;padding-left:var(--wp--preset--spacing--50)\">\n<h2 class=\"wp-block-heading has-text-align-left has-custom-couleur-5-color has-text-color has-link-color wp-elements-138a42595156d6a56b0b3178b64a68bb\" style=\"font-size:clamp(1.648rem, 1.648rem + ((1vw - 0.2rem) * 1.92), 2.8rem);\">Projet d\u2019agrandissement du parc marin du Saguenay\u2013Saint-Laurent<\/h2>\n\n\n\n<div class=\"wp-block-group has-global-padding is-layout-constrained wp-block-group-is-layout-constrained\" style=\"border-bottom-color:var(--wp--preset--color--custom-couleur-5);border-bottom-width:2px\">\n<div style=\"height:30px\" aria-hidden=\"true\" class=\"wp-block-spacer\"><\/div>\n<\/div>\n<\/div>\n\n\n\n<div style=\"height:30px\" aria-hidden=\"true\" class=\"wp-block-spacer\"><\/div>\n\n\n\n<div class=\"wp-block-group is-layout-flow wp-block-group-is-layout-flow\" style=\"margin-top:0;margin-bottom:0;padding-top:0;padding-right:var(--wp--preset--spacing--50);padding-bottom:0;padding-left:var(--wp--preset--spacing--50)\">\n<h2 class=\"wp-block-heading has-text-align-left has-custom-couleur-5-color has-text-color has-link-color wp-elements-93f57bb464d2c01959532d70f10dbb10\" style=\"font-size:clamp(1.502rem, 1.502rem + ((1vw - 0.2rem) * 1.663), 2.5rem);\">Consultations publiques<\/h2>\n<\/div>\n\n\n\n<div style=\"height:40px\" aria-hidden=\"true\" class=\"wp-block-spacer\"><\/div>\n\n\n\n<div class=\"wp-block-group is-layout-flow wp-block-group-is-layout-flow\" style=\"margin-top:var(--wp--preset--spacing--10);margin-bottom:var(--wp--preset--spacing--10);padding-right:var(--wp--preset--spacing--50);padding-left:var(--wp--preset--spacing--50)\">\n<div class=\"wp-block-group is-layout-flow wp-block-group-is-layout-flow\" style=\"padding-right:var(--wp--preset--spacing--20);padding-left:var(--wp--preset--spacing--20)\">\n<h3 class=\"wp-block-heading has-custom-couleur-5-color has-text-color has-link-color wp-elements-0a8b0483d8cacb6076ae265c495f16c5\">\u00c0 propos du projet<\/h3>\n\n\n\n<div class=\"wp-block-group has-custom-couleur-7-background-color has-background is-layout-flow wp-block-group-is-layout-flow\" style=\"margin-top:var(--wp--preset--spacing--10);margin-bottom:var(--wp--preset--spacing--10)\">\n<div style=\"height:2px\" aria-hidden=\"true\" class=\"wp-block-spacer\"><\/div>\n<\/div>\n<\/div>\n\n\n\n<div class=\"wp-block-group is-layout-flow wp-block-group-is-layout-flow\" style=\"padding-right:var(--wp--preset--spacing--20);padding-left:var(--wp--preset--spacing--20)\">\n<div class=\"wp-block-columns is-layout-flex wp-container-core-columns-is-layout-65e523f9 wp-block-columns-is-layout-flex\">\n<div class=\"wp-block-column is-layout-flow wp-block-column-is-layout-flow\" style=\"padding-top:0;padding-bottom:0\">\n<div class=\"wp-block-group is-vertical is-layout-flex wp-container-core-group-is-layout-63726500 wp-block-group-is-layout-flex\" style=\"margin-top:0;margin-bottom:0;padding-top:0;padding-right:0;padding-bottom:0;padding-left:0\">\n<p style=\"font-size:clamp(0.984rem, 0.984rem + ((1vw - 0.2rem) * 0.86), 1.5rem);\">Le projet consiste \u00e0 agrandir le parc marin du Saguenay\u2013Saint-Laurent pour contribuer \u00e0 prot\u00e9ger une plus grande partie de l\u2019estuaire du Saint-Laurent. Il a \u00e9t\u00e9 pr\u00e9sent\u00e9 lors des consultations publiques, qui se sont tenues du 21&nbsp;octobre au 13 d\u00e9cembre 2024.<\/p>\n\n\n\n<div class=\"wp-block-buttons is-layout-flex wp-block-buttons-is-layout-flex\" style=\"margin-top:var(--wp--preset--spacing--10);margin-bottom:var(--wp--preset--spacing--10)\">\n<div class=\"wp-block-button\"><a class=\"wp-block-button__link has-custom-couleur-5-color has-custom-couleur-21-background-color has-text-color has-background has-link-color has-body-font-family has-medium-font-size has-custom-font-size wp-element-button\" href=\"#le-projet\" style=\"padding-right:var(--wp--preset--spacing--30);padding-left:var(--wp--preset--spacing--30);font-style:normal;font-weight:700\"><strong>En savoir plus<\/strong><\/a><\/div>\n<\/div>\n<\/div>\n<\/div>\n\n\n\n<div class=\"wp-block-column is-layout-flow wp-block-column-is-layout-flow\" style=\"flex-basis:25%\">\n<div class=\"wp-block-group has-global-padding is-layout-constrained wp-container-core-group-is-layout-7db9d80f wp-block-group-is-layout-constrained\" style=\"padding-right:0;padding-left:0\">\n<a href=\"https:\/\/parcmarin.qc.ca\/consultations\/wp-content\/uploads\/sites\/10\/2024\/10\/document-dinformation-2024.pdf\" style=\"text-decoration:none\"target=\"_blank\">\n\n\n\n<div class=\"wp-block-group is-nowrap is-layout-flex wp-container-core-group-is-layout-fb2bd6f2 wp-block-group-is-layout-flex\" style=\"margin-top:var(--wp--preset--spacing--10);margin-bottom:var(--wp--preset--spacing--10)\">\n<i class=\"fa-regular fa-file-lines\"><\/i>\n\n\n\n<p class=\"has-text-align-left\">Document d&rsquo;information<sup> (PDF, 36 mo)<\/sup><\/p>\n<\/div>\n\n\n\n<\/a>\n\n\n\n<hr class=\"wp-block-separator has-text-color has-contrast-3-color has-alpha-channel-opacity has-contrast-3-background-color has-background is-style-wide\" style=\"margin-top:0;margin-bottom:0\"\/>\n\n\n\n<a href=\"https:\/\/parcmarin.qc.ca\/consultations\/wp-content\/uploads\/sites\/10\/2024\/10\/portrait-du-territoire-2024.pdf\" style=\"text-decoration:none\"target=\"_blank\">\n\n\n\n<div class=\"wp-block-group is-nowrap is-layout-flex wp-container-core-group-is-layout-e5556b57 wp-block-group-is-layout-flex\" style=\"margin-top:var(--wp--preset--spacing--10);margin-bottom:var(--wp--preset--spacing--10)\">\n<i class=\"fa-regular fa-file-lines\"><\/i>\n\n\n\n<p>Portrait du territoire<sup> (PDF, 93 mo)<\/sup><\/p>\n<\/div>\n\n\n\n<\/a>\n\n\n\n<hr class=\"wp-block-separator has-text-color has-contrast-3-color has-alpha-channel-opacity has-contrast-3-background-color has-background is-style-wide\" style=\"margin-top:0;margin-bottom:0\"\/>\n\n\n\n<a href=\"https:\/\/youtu.be\/3E8uWIvzIzo\" style=\"text-decoration:none\"target=\"_blank\">\n\n\n\n<div class=\"wp-block-group is-nowrap is-layout-flex wp-container-core-group-is-layout-f4691d1d wp-block-group-is-layout-flex\" style=\"margin-top:var(--wp--preset--spacing--10);margin-bottom:var(--wp--preset--spacing--10)\">\n<i class=\"fa-brands fa-youtube\"><\/i>\n\n\n\n<p>Pr\u00e9sentation<\/p>\n<\/div>\n\n\n\n<\/a>\n<\/div>\n<\/div>\n<\/div>\n<\/div>\n\n\n\n<div style=\"height:30px\" aria-hidden=\"true\" class=\"wp-block-spacer\"><\/div>\n\n\n\n<div class=\"wp-block-group is-layout-flow wp-block-group-is-layout-flow\" style=\"padding-right:var(--wp--preset--spacing--20);padding-left:var(--wp--preset--spacing--20)\">\n<h3 class=\"wp-block-heading has-custom-couleur-5-color has-text-color has-link-color wp-elements-fee59fb21ec21f9748d95bbf67b8b889\" id=\"avis\">Bilan de la participation<\/h3>\n\n\n\n<div class=\"wp-block-group has-custom-couleur-7-background-color has-background is-layout-flow wp-block-group-is-layout-flow\" style=\"margin-top:var(--wp--preset--spacing--10);margin-bottom:var(--wp--preset--spacing--10)\">\n<div style=\"height:2px\" aria-hidden=\"true\" class=\"wp-block-spacer\"><\/div>\n<\/div>\n<\/div>\n\n\n\n<div class=\"wp-block-group is-layout-flow wp-block-group-is-layout-flow\" style=\"padding-right:var(--wp--preset--spacing--20);padding-left:var(--wp--preset--spacing--20)\">\n<div class=\"wp-block-columns is-layout-flex wp-container-core-columns-is-layout-c5150b4a wp-block-columns-is-layout-flex\">\n<div class=\"wp-block-column is-layout-flow wp-block-column-is-layout-flow\">\n<p style=\"font-size:clamp(0.984rem, 0.984rem + ((1vw - 0.2rem) * 0.86), 1.5rem);\">Cinq \u00e9v\u00e9nements consultatifs ont eu lieu dans des municipalit\u00e9s situ\u00e9es autour du territoire vis\u00e9 par l\u2019agrandissement. Les personnes qui souhaitaient s\u2019exprimer sur le projet d\u2019agrandissement pouvaient compl\u00e9ter un sondage en ligne ou d\u00e9poser un m\u00e9moire. Les organisations \u00e9taient invit\u00e9es \u00e0 faire conna\u00eetre leur avis par le d\u00e9p\u00f4t d\u2019un m\u00e9moire.<\/p>\n\n\n\n<div style=\"height:20px\" aria-hidden=\"true\" class=\"wp-block-spacer\"><\/div>\n\n\n\n<div class=\"wp-block-esab-accordion esab-mggi25cr\" data-mode=\"individual\" data-close=\"true\"><div class=\"esab__container\">\n<div class=\"wp-block-esab-accordion-child\"><div class=\"esab__head\" role=\"button\" aria-expanded=\"false\"><div class=\"esab__heading_txt\"><h5 class=\"esab__heading_tag\"><strong>346 participants aux kiosques<\/strong> <strong>d&rsquo;information<\/strong><\/h5><\/div><div class=\"esab__icon\"><div class=\"esab__collapse\"> <svg version=\"1.2\" viewBox=\"0 0 24 24\" width=\"24\" height=\"24\"><path d=\"m11.3 3.6h1.4q0.2 0 0.2 0.1v16.6q0 0.1-0.2 0.1h-1.4q-0.2 0-0.2-0.2v-16.5q0-0.1 0.2-0.1z\"><\/path><path d=\"m4.1 11.1h15.8q0.2 0 0.2 0.2v1.4q0 0.2-0.2 0.2h-15.8q-0.2 0-0.2-0.2v-1.4q0-0.2 0.2-0.2z\"><\/path><\/svg> <\/div><div class=\"esab__expand\"> <svg version=\"1.2\" viewBox=\"0 0 24 24\" width=\"24\" height=\"24\"><path d=\"m3.4 11.1h17.2v1.8h-17.2z\"><\/path><\/svg> <\/div><\/div><\/div><div class=\"esab__body\">\n<p style=\"margin-top:0;margin-right:0;margin-bottom:0;margin-left:0\">Les \u00e9v\u00e9nements consultatifs se sont d\u00e9roul\u00e9s \u00e0 Rimouski (Le Bic), Rivi\u00e8re-du-Loup, Kamouraska, Saint-Ir\u00e9n\u00e9e et Les Escoumins. \u200bLes participants pouvaient visiter des kiosques \u00e0 leur rythme et selon leur int\u00e9r\u00eat afin d\u2019\u00e9changer sur diverses th\u00e9matiques reli\u00e9es \u200bau projet.<\/p>\n<\/div><\/div>\n\n\n\n<div class=\"wp-block-esab-accordion-child\"><div class=\"esab__head\" role=\"button\" aria-expanded=\"false\"><div class=\"esab__heading_txt\"><h5 class=\"esab__heading_tag\"><strong>229 participants aux s\u00e9ances d&rsquo;information<\/strong><\/h5><\/div><div class=\"esab__icon\"><div class=\"esab__collapse\"> <svg version=\"1.2\" viewBox=\"0 0 24 24\" width=\"24\" height=\"24\"><path d=\"m11.3 3.6h1.4q0.2 0 0.2 0.1v16.6q0 0.1-0.2 0.1h-1.4q-0.2 0-0.2-0.2v-16.5q0-0.1 0.2-0.1z\"><\/path><path d=\"m4.1 11.1h15.8q0.2 0 0.2 0.2v1.4q0 0.2-0.2 0.2h-15.8q-0.2 0-0.2-0.2v-1.4q0-0.2 0.2-0.2z\"><\/path><\/svg> <\/div><div class=\"esab__expand\"> <svg version=\"1.2\" viewBox=\"0 0 24 24\" width=\"24\" height=\"24\"><path d=\"m3.4 11.1h17.2v1.8h-17.2z\"><\/path><\/svg> <\/div><\/div><\/div><div class=\"esab__body\">\n<p style=\"margin-top:0;margin-right:0;margin-bottom:0;margin-left:0\">Durant les s\u00e9ances d\u2019information qui suivaient les kiosques, 121 questions et commentaires ont \u00e9t\u00e9 adress\u00e9s aux \u200bpersonnes-ressources du parc marin.<\/p>\n<\/div><\/div>\n\n\n\n<div class=\"wp-block-esab-accordion-child\"><div class=\"esab__head\" role=\"button\" aria-expanded=\"false\"><div class=\"esab__heading_txt\"><h5 class=\"esab__heading_tag\"><strong>776 sondages compl\u00e9t\u00e9s<\/strong><\/h5><\/div><div class=\"esab__icon\"><div class=\"esab__collapse\"> <svg version=\"1.2\" viewBox=\"0 0 24 24\" width=\"24\" height=\"24\"><path d=\"m11.3 3.6h1.4q0.2 0 0.2 0.1v16.6q0 0.1-0.2 0.1h-1.4q-0.2 0-0.2-0.2v-16.5q0-0.1 0.2-0.1z\"><\/path><path d=\"m4.1 11.1h15.8q0.2 0 0.2 0.2v1.4q0 0.2-0.2 0.2h-15.8q-0.2 0-0.2-0.2v-1.4q0-0.2 0.2-0.2z\"><\/path><\/svg> <\/div><div class=\"esab__expand\"> <svg version=\"1.2\" viewBox=\"0 0 24 24\" width=\"24\" height=\"24\"><path d=\"m3.4 11.1h17.2v1.8h-17.2z\"><\/path><\/svg> <\/div><\/div><\/div><div class=\"esab__body\">\n<p style=\"margin-top:0;margin-right:0;margin-bottom:0;margin-left:0\">La quasi-totalit\u00e9 des r\u00e9pondants au sondage, soit pr\u00e8s de 96 %, provient du Qu\u00e9bec. Un peu moins de la moiti\u00e9 des \u200br\u00e9pondants habite une des huit MRC concern\u00e9es par le projet d\u2019agrandissement.<\/p>\n<\/div><\/div>\n\n\n\n<div class=\"wp-block-esab-accordion-child\"><div class=\"esab__head\" role=\"button\" aria-expanded=\"false\"><div class=\"esab__heading_txt\"><h5 class=\"esab__heading_tag\"><strong>45 m\u00e9moires d\u00e9pos\u00e9s<\/strong><\/h5><\/div><div class=\"esab__icon\"><div class=\"esab__collapse\"> <svg version=\"1.2\" viewBox=\"0 0 24 24\" width=\"24\" height=\"24\"><path d=\"m11.3 3.6h1.4q0.2 0 0.2 0.1v16.6q0 0.1-0.2 0.1h-1.4q-0.2 0-0.2-0.2v-16.5q0-0.1 0.2-0.1z\"><\/path><path d=\"m4.1 11.1h15.8q0.2 0 0.2 0.2v1.4q0 0.2-0.2 0.2h-15.8q-0.2 0-0.2-0.2v-1.4q0-0.2 0.2-0.2z\"><\/path><\/svg> <\/div><div class=\"esab__expand\"> <svg version=\"1.2\" viewBox=\"0 0 24 24\" width=\"24\" height=\"24\"><path d=\"m3.4 11.1h17.2v1.8h-17.2z\"><\/path><\/svg> <\/div><\/div><\/div><div class=\"esab__body\">\n<p style=\"margin-top:0;margin-right:0;margin-bottom:0;margin-left:0\">Des 45&nbsp;m\u00e9moires re\u00e7us, 13 ont \u00e9t\u00e9 d\u00e9pos\u00e9s \u00e0 titre personnel et 32&nbsp;organisations issues de diff\u00e9rents domaines ont exprim\u00e9 leur avis sur le projet.<\/p>\n<\/div><\/div>\n<\/div><\/div>\n\n\n\n<p><br><\/p>\n<\/div>\n\n\n\n<div class=\"wp-block-column is-layout-flow wp-block-column-is-layout-flow\" style=\"flex-basis:25%\">\n<div class=\"wp-block-group has-global-padding is-layout-constrained wp-container-core-group-is-layout-7db9d80f wp-block-group-is-layout-constrained\" style=\"padding-right:0;padding-left:0\">\n<a href=\"https:\/\/parcmarin.qc.ca\/consultations\/wp-content\/uploads\/sites\/10\/2025\/03\/PMSSL-Rapport-consultations-publiques.pdf\" style=\"text-decoration:none\"target=\"_blank\">\n\n\n\n<div class=\"wp-block-group is-nowrap is-layout-flex wp-container-core-group-is-layout-e5556b57 wp-block-group-is-layout-flex\" style=\"margin-top:var(--wp--preset--spacing--10);margin-bottom:var(--wp--preset--spacing--10)\">\n<i class=\"fa-regular fa-file-lines\"><\/i>\n\n\n\n<p>Rapport de consultations publiques<sup> (PDF, 10 mo)<\/sup><\/p>\n<\/div>\n\n\n\n<\/a>\n\n\n\n<hr class=\"wp-block-separator has-text-color has-contrast-3-color has-alpha-channel-opacity has-contrast-3-background-color has-background is-style-wide\" style=\"margin-top:0;margin-bottom:0\"\/>\n\n\n\n<a href=\"https:\/\/parcmarin.qc.ca\/consultations\/memoires-recus\/\" style=\"text-decoration:none\"target=\"_blank\">\n\n\n\n<div class=\"wp-block-group is-nowrap is-layout-flex wp-container-core-group-is-layout-e5556b57 wp-block-group-is-layout-flex\" style=\"margin-top:var(--wp--preset--spacing--10);margin-bottom:var(--wp--preset--spacing--10)\">\n<i class=\"fa-solid fa-list\"><\/i>\n\n\n\n<p>M\u00e9moires re\u00e7us<\/p>\n<\/div>\n\n\n\n<\/a>\n<\/div>\n<\/div>\n<\/div>\n\n\n\n<div style=\"height:30px\" aria-hidden=\"true\" class=\"wp-block-spacer\"><\/div>\n\n\n\n<div class=\"wp-block-group is-layout-flow wp-block-group-is-layout-flow\" style=\"padding-right:0;padding-left:0\">\n<h3 class=\"wp-block-heading has-custom-couleur-5-color has-text-color has-link-color wp-elements-7e81a098290d37f68209b14605e0f1b9\" id=\"evenements\">Principaux constats<\/h3>\n\n\n\n<div class=\"wp-block-group has-custom-couleur-7-background-color has-background is-layout-flow wp-block-group-is-layout-flow\" style=\"margin-top:var(--wp--preset--spacing--10);margin-bottom:var(--wp--preset--spacing--10)\">\n<div style=\"height:2px\" aria-hidden=\"true\" class=\"wp-block-spacer\"><\/div>\n<\/div>\n<\/div>\n<\/div>\n\n\n\n<div class=\"wp-block-group is-layout-flow wp-block-group-is-layout-flow\" style=\"padding-top:0;padding-right:var(--wp--preset--spacing--20);padding-bottom:var(--wp--preset--spacing--10);padding-left:var(--wp--preset--spacing--20)\">\n<p style=\"margin-top:var(--wp--preset--spacing--10);margin-bottom:var(--wp--preset--spacing--10);font-size:clamp(0.984em, 0.984rem + ((1vw - 0.2em) * 0.86), 1.5em);\">Les avis&nbsp;recueillis&nbsp;dans les sondages et les m\u00e9moires, ainsi que&nbsp;les&nbsp;opinions&nbsp;entendues lors des&nbsp;\u00e9v\u00e9nements consultatifs sont r\u00e9sum\u00e9s dans le rapport de consultations publiques. Dans l\u2019ensemble, il est possible de d\u00e9gager quatre principaux constats.<\/p>\n\n\n\n<div class=\"wp-block-columns is-layout-flex wp-container-core-columns-is-layout-28f84493 wp-block-columns-is-layout-flex\">\n<div class=\"wp-block-column is-layout-flow wp-block-column-is-layout-flow\">\n<div class=\"wp-block-esab-accordion esab-g7zvbb9d\" data-mode=\"individual\" data-close=\"true\"><div class=\"esab__container\">\n<div class=\"wp-block-esab-accordion-child\"><div class=\"esab__head\" role=\"button\" aria-expanded=\"false\"><div class=\"esab__heading_txt\"><h5 class=\"esab__heading_tag\">1. <strong>Le projet d\u2019agrandissement fait consensus et le territoire propos\u00e9 b\u00e9n\u00e9ficie d\u2019un tr\u00e8s fort appui.<\/strong><\/h5><\/div><div class=\"esab__icon\"><div class=\"esab__collapse\"> <svg version=\"1.2\" viewBox=\"0 0 24 24\" width=\"24\" height=\"24\"><path d=\"m11.3 3.6h1.4q0.2 0 0.2 0.1v16.6q0 0.1-0.2 0.1h-1.4q-0.2 0-0.2-0.2v-16.5q0-0.1 0.2-0.1z\"><\/path><path d=\"m4.1 11.1h15.8q0.2 0 0.2 0.2v1.4q0 0.2-0.2 0.2h-15.8q-0.2 0-0.2-0.2v-1.4q0-0.2 0.2-0.2z\"><\/path><\/svg> <\/div><div class=\"esab__expand\"> <svg version=\"1.2\" viewBox=\"0 0 24 24\" width=\"24\" height=\"24\"><path d=\"m3.4 11.1h17.2v1.8h-17.2z\"><\/path><\/svg> <\/div><\/div><\/div><div class=\"esab__body\">\n<p style=\"margin-top:0;margin-bottom:0\">L\u2019agrandissement du parc marin est per\u00e7u comme un moyen efficace pour offrir une meilleure protection aux \u00e9cosyst\u00e8mes marins de l\u2019estuaire. La connexion entre les deux rives ainsi que l\u2019inclusion de l\u2019ensemble de l\u2019habitat essentiel du b\u00e9luga sont bien accueillies. La plupart des modifications sugg\u00e9r\u00e9es visent un agrandissement du territoire propos\u00e9.\u200b\u200b<\/p>\n<\/div><\/div>\n\n\n\n<div class=\"wp-block-esab-accordion-child\"><div class=\"esab__head\" role=\"button\" aria-expanded=\"false\"><div class=\"esab__heading_txt\"><h5 class=\"esab__heading_tag\">2. Les engagements propos\u00e9s r\u00e9pondent aux attentes du milieu.<\/h5><\/div><div class=\"esab__icon\"><div class=\"esab__collapse\"> <svg version=\"1.2\" viewBox=\"0 0 24 24\" width=\"24\" height=\"24\"><path d=\"m11.3 3.6h1.4q0.2 0 0.2 0.1v16.6q0 0.1-0.2 0.1h-1.4q-0.2 0-0.2-0.2v-16.5q0-0.1 0.2-0.1z\"><\/path><path d=\"m4.1 11.1h15.8q0.2 0 0.2 0.2v1.4q0 0.2-0.2 0.2h-15.8q-0.2 0-0.2-0.2v-1.4q0-0.2 0.2-0.2z\"><\/path><\/svg> <\/div><div class=\"esab__expand\"> <svg version=\"1.2\" viewBox=\"0 0 24 24\" width=\"24\" height=\"24\"><path d=\"m3.4 11.1h17.2v1.8h-17.2z\"><\/path><\/svg> <\/div><\/div><\/div><div class=\"esab__body\">\n<p style=\"margin-top:0;margin-bottom:0\">Le projet est consid\u00e9r\u00e9 comme une occasion d\u2019am\u00e9liorer les connaissances scientifiques sur le milieu marin. La concertation et le partenariat doivent \u00eatre maintenus et renforc\u00e9s, et de nombreuses organisations manifestent de l\u2019int\u00e9r\u00eat \u00e0 devenir partenaire du parc marin agrandi. Qu\u2019il s\u2019agisse de tourisme, d\u2019\u00e9ducation ou de science, les gestionnaires du parc marin sont invit\u00e9s \u00e0 collaborer avec les organisations d\u00e9j\u00e0 actives sur le territoire. On souligne aussi la n\u00e9cessit\u00e9 que l\u2019\u00e9quipe du parc marin soit pr\u00e9sente sur le territoire et aupr\u00e8s des communaut\u00e9s riveraines. \u200b<\/p>\n\n\n\n<p>\u200bL\u2019agrandissement du parc marin est per\u00e7u comme une occasion de valoriser davantage les activit\u00e9s de d\u00e9couverte li\u00e9es au fleuve, en plus de valoriser le tourisme durable. De nombreuses propositions sont formul\u00e9es afin de bonifier le R\u00e9seau D\u00e9couverte. Afin de bien repr\u00e9senter le territoire, il est jug\u00e9 n\u00e9cessaire d\u2019ajouter des repr\u00e9sentants de milieux vari\u00e9s \u00e0 la gouvernance du parc marin.\u200b<\/p>\n<\/div><\/div>\n\n\n\n<div class=\"wp-block-esab-accordion-child\"><div class=\"esab__head\" role=\"button\" aria-expanded=\"false\"><div class=\"esab__heading_txt\"><h5 class=\"esab__heading_tag\">3. Diverses pr\u00e9occupations sont soulev\u00e9es et des mesures de protection concr\u00e8tes sont demand\u00e9es.<\/h5><\/div><div class=\"esab__icon\"><div class=\"esab__collapse\"> <svg version=\"1.2\" viewBox=\"0 0 24 24\" width=\"24\" height=\"24\"><path d=\"m11.3 3.6h1.4q0.2 0 0.2 0.1v16.6q0 0.1-0.2 0.1h-1.4q-0.2 0-0.2-0.2v-16.5q0-0.1 0.2-0.1z\"><\/path><path d=\"m4.1 11.1h15.8q0.2 0 0.2 0.2v1.4q0 0.2-0.2 0.2h-15.8q-0.2 0-0.2-0.2v-1.4q0-0.2 0.2-0.2z\"><\/path><\/svg> <\/div><div class=\"esab__expand\"> <svg version=\"1.2\" viewBox=\"0 0 24 24\" width=\"24\" height=\"24\"><path d=\"m3.4 11.1h17.2v1.8h-17.2z\"><\/path><\/svg> <\/div><\/div><\/div><div class=\"esab__body\">\n<p style=\"margin-top:0;margin-bottom:0\">Le trafic maritime fait l\u2019objet de nombreuses inqui\u00e9tudes&nbsp;: plusieurs en d\u00e9plorent l\u2019intensit\u00e9, la vitesse, de m\u00eame que les impacts sonores et environnementaux. C\u2019est particuli\u00e8rement le cas des croisi\u00e8res d\u2019observation des baleines et de la marine marchande, qui soul\u00e8vent plusieurs critiques. La qualit\u00e9 de l\u2019eau de l\u2019estuaire est \u00e9galement une pr\u00e9occupation fortement exprim\u00e9e. La d\u00e9mocratisation de l\u2019acc\u00e8s au fleuve est aussi souvent \u00e9voqu\u00e9e. Afin d\u2019assurer la protection du parc marin agrandi, des mesures concr\u00e8tes et efficaces sont attendues. \u200b<\/p>\n\n\n\n<p style=\"margin-top:var(--wp--preset--spacing--10);margin-bottom:0\">Si certains participants jugent les outils de conservation pertinents, d\u2019autres souhaiteraient une r\u00e9glementation plus s\u00e9v\u00e8re, entre autres pour les limites de vitesse. Certaines interdictions sont per\u00e7ues comme une atteinte aux libert\u00e9s individuelles, notamment la motomarine dans le secteur de Kamouraska.\u200b<\/p>\n<\/div><\/div>\n\n\n\n<div class=\"wp-block-esab-accordion-child\"><div class=\"esab__head\" role=\"button\" aria-expanded=\"false\"><div class=\"esab__heading_txt\"><h5 class=\"esab__heading_tag\">4. Un financement ad\u00e9quat et des investissements sont attendus.<\/h5><\/div><div class=\"esab__icon\"><div class=\"esab__collapse\"> <svg version=\"1.2\" viewBox=\"0 0 24 24\" width=\"24\" height=\"24\"><path d=\"m11.3 3.6h1.4q0.2 0 0.2 0.1v16.6q0 0.1-0.2 0.1h-1.4q-0.2 0-0.2-0.2v-16.5q0-0.1 0.2-0.1z\"><\/path><path d=\"m4.1 11.1h15.8q0.2 0 0.2 0.2v1.4q0 0.2-0.2 0.2h-15.8q-0.2 0-0.2-0.2v-1.4q0-0.2 0.2-0.2z\"><\/path><\/svg> <\/div><div class=\"esab__expand\"> <svg version=\"1.2\" viewBox=\"0 0 24 24\" width=\"24\" height=\"24\"><path d=\"m3.4 11.1h17.2v1.8h-17.2z\"><\/path><\/svg> <\/div><\/div><\/div><div class=\"esab__body\">\n<p style=\"margin-top:0;margin-bottom:var(--wp--preset--spacing--10)\">L\u2019importance d\u2019un financement suppl\u00e9mentaire r\u00e9current et significatif pour g\u00e9rer les activit\u00e9s du parc marin agrandi est soulign\u00e9e. Devant la taille de l\u2019agrandissement, certains indiquent que l\u2019aire marine prot\u00e9g\u00e9e risque de perdre de la cr\u00e9dibilit\u00e9 si le financement n\u2019est pas suffisant. De plus, des investissements sont attendus au sein des communaut\u00e9s riveraines ainsi que par certaines organisations susceptibles de soutenir le mandat du parc marin. <\/p>\n\n\n\n<p style=\"margin-top:0;margin-bottom:0\">Les participants entrevoient globalement des retomb\u00e9es \u00e9conomiques positives, bien que la crainte que le projet nuise au d\u00e9veloppement \u00e9conomique soit aussi soulev\u00e9e. Certains appellent \u00e0 un \u00e9quilibre entre la protection des \u00e9cosyst\u00e8mes et les activit\u00e9s \u00e9conomiques li\u00e9es au fleuve.\u200b<\/p>\n<\/div><\/div>\n<\/div><\/div>\n<\/div>\n\n\n\n<div class=\"wp-block-column is-layout-flow wp-block-column-is-layout-flow\" style=\"flex-basis:26%\">\n<div style=\"height:130px\" aria-hidden=\"true\" class=\"wp-block-spacer\"><\/div>\n<\/div>\n<\/div>\n\n\n\n<p style=\"font-size:clamp(0.984rem, 0.984rem + ((1vw - 0.2rem) * 0.86), 1.5rem);\"><\/p>\n\n\n\n<div style=\"height:30px\" aria-hidden=\"true\" class=\"wp-block-spacer\"><\/div>\n<\/div>\n<\/div>\n\n\n\n<div class=\"wp-block-group alignfull has-custom-couleur-22-background-color has-background is-layout-flow wp-block-group-is-layout-flow\" style=\"padding-right:var(--wp--preset--spacing--50);padding-left:var(--wp--preset--spacing--50)\">\n<div style=\"height:46px\" aria-hidden=\"true\" class=\"wp-block-spacer\"><\/div>\n\n\n\n<h2 class=\"wp-block-heading has-custom-couleur-5-color has-text-color has-link-color wp-elements-e9c476fae11516b67fa7931ebe61be53\" id=\"le-projet\">Territoire<\/h2>\n\n\n\n<figure class=\"wp-block-image alignfull size-full\"><img loading=\"lazy\" decoding=\"async\" width=\"2500\" height=\"1932\" src=\"https:\/\/parcmarin.qc.ca\/consultations\/wp-content\/uploads\/sites\/10\/2025\/02\/Territoire_3_Modifiee_CMYK-v15-4.png\" alt=\"Carte du projet d\u2019agrandissement du Parc marin du Saguenay\u2013Saint-Laurent. En bleu fonc\u00e9, le territoire actuel comprenant une portion du fjord du Saguenay et de l\u2019estuaire du Saint-Laurent. En bleu moyen, la zone propos\u00e9e : sur la rive nord, de Les Escoumins jusqu\u2019\u00e0 Longue-Rive; dans Charlevoix, de Saint-Fid\u00e8le jusqu\u2019\u00e0 Petite-Rivi\u00e8re-Saint-Fran\u00e7ois; sur la rive sud, du Parc national du Bic et Saint-Fabien jusqu\u2019\u00e0 Saint-Jean-Port-Joli, incluant Trois-Pistoles, Cacouna, Rivi\u00e8re-du-Loup, Kamouraska et La Pocati\u00e8re. La portion du fjord demeure identique.\" class=\"wp-image-2799\" srcset=\"https:\/\/parcmarin.qc.ca\/consultations\/wp-content\/uploads\/sites\/10\/2025\/02\/Territoire_3_Modifiee_CMYK-v15-4.png 2500w, https:\/\/parcmarin.qc.ca\/consultations\/wp-content\/uploads\/sites\/10\/2025\/02\/Territoire_3_Modifiee_CMYK-v15-4-300x232.png 300w, https:\/\/parcmarin.qc.ca\/consultations\/wp-content\/uploads\/sites\/10\/2025\/02\/Territoire_3_Modifiee_CMYK-v15-4-1024x791.png 1024w, https:\/\/parcmarin.qc.ca\/consultations\/wp-content\/uploads\/sites\/10\/2025\/02\/Territoire_3_Modifiee_CMYK-v15-4-768x594.png 768w, https:\/\/parcmarin.qc.ca\/consultations\/wp-content\/uploads\/sites\/10\/2025\/02\/Territoire_3_Modifiee_CMYK-v15-4-1536x1187.png 1536w, https:\/\/parcmarin.qc.ca\/consultations\/wp-content\/uploads\/sites\/10\/2025\/02\/Territoire_3_Modifiee_CMYK-v15-4-2048x1583.png 2048w\" sizes=\"auto, (max-width: 2500px) 100vw, 2500px\" \/><\/figure>\n\n\n\n<h3 class=\"wp-block-heading has-custom-couleur-5-color has-text-color has-link-color wp-elements-3c2f08b71bc7761b423ee1ae3ae56fd0\" style=\"margin-top:var(--wp--preset--spacing--30);margin-bottom:var(--wp--preset--spacing--30)\">Agrandir le parc marin est une occasion de :<\/h3>\n\n\n\n<div class=\"wp-block-columns is-layout-flex wp-container-core-columns-is-layout-65e523f9 wp-block-columns-is-layout-flex\">\n<div class=\"wp-block-column is-layout-flow wp-block-column-is-layout-flow\" style=\"flex-basis:33%\">\n<div class=\"wp-block-group is-vertical is-content-justification-center is-layout-flex wp-container-core-group-is-layout-ce155fab wp-block-group-is-layout-flex\">\n<figure class=\"wp-block-image size-full is-resized\"><img loading=\"lazy\" decoding=\"async\" width=\"300\" height=\"300\" src=\"https:\/\/parcmarin.qc.ca\/consultations\/wp-content\/uploads\/sites\/10\/2024\/09\/Plan-de-travail-1.png\" alt=\"\" class=\"wp-image-1578\" style=\"width:auto;height:350px\" srcset=\"https:\/\/parcmarin.qc.ca\/consultations\/wp-content\/uploads\/sites\/10\/2024\/09\/Plan-de-travail-1.png 300w, https:\/\/parcmarin.qc.ca\/consultations\/wp-content\/uploads\/sites\/10\/2024\/09\/Plan-de-travail-1-150x150.png 150w\" sizes=\"auto, (max-width: 300px) 100vw, 300px\" \/><\/figure>\n\n\n\n<p class=\"has-text-align-center\" style=\"padding-right:var(--wp--preset--spacing--10);padding-left:var(--wp--preset--spacing--10);font-size:clamp(0.984rem, 0.984rem + ((1vw - 0.2rem) * 0.86), 1.5rem);\"><strong>Valoriser<\/strong> les activit\u00e9s de d\u00e9couverte et d\u2019\u00e9ducation li\u00e9es au fleuve Saint-Laurent<\/p>\n<\/div>\n<\/div>\n\n\n\n<div class=\"wp-block-column is-layout-flow wp-block-column-is-layout-flow\" style=\"flex-basis:33%\">\n<div class=\"wp-block-group is-vertical is-content-justification-center is-layout-flex wp-container-core-group-is-layout-ce155fab wp-block-group-is-layout-flex\">\n<figure class=\"wp-block-image size-full is-resized\"><img loading=\"lazy\" decoding=\"async\" width=\"300\" height=\"300\" src=\"https:\/\/parcmarin.qc.ca\/consultations\/wp-content\/uploads\/sites\/10\/2024\/09\/Rorqual-300.png\" alt=\"\" class=\"wp-image-1823\" style=\"width:auto;height:270px\" srcset=\"https:\/\/parcmarin.qc.ca\/consultations\/wp-content\/uploads\/sites\/10\/2024\/09\/Rorqual-300.png 300w, https:\/\/parcmarin.qc.ca\/consultations\/wp-content\/uploads\/sites\/10\/2024\/09\/Rorqual-300-150x150.png 150w\" sizes=\"auto, (max-width: 300px) 100vw, 300px\" \/><\/figure>\n\n\n\n<div style=\"height:0px\" aria-hidden=\"true\" class=\"wp-block-spacer wp-container-content-f96796aa\"><\/div>\n\n\n\n<p class=\"has-text-align-center\" style=\"padding-right:var(--wp--preset--spacing--10);padding-left:var(--wp--preset--spacing--10);font-size:clamp(0.984rem, 0.984rem + ((1vw - 0.2rem) * 0.86), 1.5rem);\"><strong>Rehausser<\/strong> la protection des b\u00e9lugas, des rorquals et des zones c\u00f4ti\u00e8res herbac\u00e9es<\/p>\n<\/div>\n<\/div>\n\n\n\n<div class=\"wp-block-column is-layout-flow wp-block-column-is-layout-flow\" style=\"flex-basis:33%\">\n<div class=\"wp-block-group is-vertical is-content-justification-center is-layout-flex wp-container-core-group-is-layout-ce155fab wp-block-group-is-layout-flex\">\n<figure class=\"wp-block-image size-full is-resized\"><img loading=\"lazy\" decoding=\"async\" width=\"300\" height=\"300\" src=\"https:\/\/parcmarin.qc.ca\/consultations\/wp-content\/uploads\/sites\/10\/2024\/09\/Phare-300.png\" alt=\"\" class=\"wp-image-1822\" style=\"width:auto;height:270px\" srcset=\"https:\/\/parcmarin.qc.ca\/consultations\/wp-content\/uploads\/sites\/10\/2024\/09\/Phare-300.png 300w, https:\/\/parcmarin.qc.ca\/consultations\/wp-content\/uploads\/sites\/10\/2024\/09\/Phare-300-150x150.png 150w\" sizes=\"auto, (max-width: 300px) 100vw, 300px\" \/><\/figure>\n\n\n\n<div style=\"height:0px\" aria-hidden=\"true\" class=\"wp-block-spacer wp-container-content-f96796aa\"><\/div>\n\n\n\n<p class=\"has-text-align-center\" style=\"padding-right:var(--wp--preset--spacing--20);padding-left:var(--wp--preset--spacing--20);font-size:clamp(0.984rem, 0.984rem + ((1vw - 0.2rem) * 0.86), 1.5rem);\"><strong>Appuyer<\/strong> le maintien et le d\u00e9veloppement d\u2019une offre touristique durable<\/p>\n<\/div>\n<\/div>\n\n\n\n<div class=\"wp-block-column is-layout-flow wp-block-column-is-layout-flow\" style=\"flex-basis:1%\">\n<div style=\"height:1px\" aria-hidden=\"true\" class=\"wp-block-spacer\"><\/div>\n<\/div>\n<\/div>\n<\/div>\n\n\n\n<div class=\"wp-block-group has-custom-couleur-22-background-color has-background has-global-padding is-layout-constrained wp-container-core-group-is-layout-9e501a22 wp-block-group-is-layout-constrained\" style=\"margin-top:0;margin-bottom:0;padding-top:var(--wp--preset--spacing--40);padding-right:var(--wp--preset--spacing--50);padding-bottom:0;padding-left:var(--wp--preset--spacing--50)\">\n<div class=\"wp-block-columns has-background is-layout-flex wp-container-core-columns-is-layout-f0342b05 wp-block-columns-is-layout-flex\" style=\"border-radius:10px;background-color:#c0d1c9b3;margin-top:0;margin-bottom:0\">\n<div class=\"wp-block-column is-layout-flow wp-block-column-is-layout-flow\" style=\"flex-basis:70%\">\n<div class=\"wp-block-group is-layout-flow wp-block-group-is-layout-flow\">\n<h3 class=\"wp-block-heading has-custom-couleur-5-color has-text-color has-link-color wp-elements-c3c37c412759b5a347ca799f633c2587\" style=\"margin-top:0;margin-bottom:var(--wp--preset--spacing--10)\">En savoir plus sur le projet<\/h3>\n\n\n\n<p style=\"font-size:clamp(0.984rem, 0.984rem + ((1vw - 0.2rem) * 0.86), 1.5rem);\">Obtenez plus de d\u00e9tails sur le territoire propos\u00e9, les outils de conservation ainsi que les engagements des gestionnaires pour le parc marin agrandi.<\/p>\n\n\n\n<div class=\"wp-block-buttons is-layout-flex wp-block-buttons-is-layout-flex\" style=\"margin-top:var(--wp--preset--spacing--10);margin-bottom:var(--wp--preset--spacing--10)\">\n<div class=\"wp-block-button\"><a class=\"wp-block-button__link has-custom-couleur-5-color has-custom-couleur-21-background-color has-text-color has-background has-link-color has-body-font-family has-medium-font-size has-custom-font-size wp-element-button\" href=\"https:\/\/parcmarin.qc.ca\/consultations\/projet\/\" style=\"padding-right:var(--wp--preset--spacing--30);padding-left:var(--wp--preset--spacing--30);font-style:normal;font-weight:700\" target=\"_blank\" rel=\"noreferrer noopener\"><strong>En savoir plus<\/strong><\/a><\/div>\n<\/div>\n<\/div>\n<\/div>\n\n\n\n<div class=\"wp-block-column is-layout-flow wp-block-column-is-layout-flow\" style=\"flex-basis:30%\">\n<figure data-wp-context=\"{&quot;imageId&quot;:&quot;69f2b49533248&quot;}\" data-wp-interactive=\"core\/image\" data-wp-key=\"69f2b49533248\" class=\"wp-block-image size-large is-resized has-custom-border wp-lightbox-container\"><img loading=\"lazy\" decoding=\"async\" width=\"1024\" height=\"630\" data-wp-class--hide=\"state.isContentHidden\" data-wp-class--show=\"state.isContentVisible\" data-wp-init=\"callbacks.setButtonStyles\" data-wp-on--click=\"actions.showLightbox\" data-wp-on--load=\"callbacks.setButtonStyles\" data-wp-on-window--resize=\"callbacks.setButtonStyles\" src=\"https:\/\/parcmarin.qc.ca\/consultations\/wp-content\/uploads\/sites\/10\/2024\/08\/JCLemay_Saint-Andre-de-Kamouraska.jpg_compressed-1024x630.jpeg\" alt=\"\" class=\"wp-image-1140\" style=\"border-radius:10px;object-fit:cover;width:387px;height:auto\" srcset=\"https:\/\/parcmarin.qc.ca\/consultations\/wp-content\/uploads\/sites\/10\/2024\/08\/JCLemay_Saint-Andre-de-Kamouraska.jpg_compressed-1024x630.jpeg 1024w, https:\/\/parcmarin.qc.ca\/consultations\/wp-content\/uploads\/sites\/10\/2024\/08\/JCLemay_Saint-Andre-de-Kamouraska.jpg_compressed-300x185.jpeg 300w, https:\/\/parcmarin.qc.ca\/consultations\/wp-content\/uploads\/sites\/10\/2024\/08\/JCLemay_Saint-Andre-de-Kamouraska.jpg_compressed-768x473.jpeg 768w, https:\/\/parcmarin.qc.ca\/consultations\/wp-content\/uploads\/sites\/10\/2024\/08\/JCLemay_Saint-Andre-de-Kamouraska.jpg_compressed.jpeg 1115w\" sizes=\"auto, (max-width: 1024px) 100vw, 1024px\" \/><button\n\t\t\tclass=\"lightbox-trigger\"\n\t\t\ttype=\"button\"\n\t\t\taria-haspopup=\"dialog\"\n\t\t\taria-label=\"Agrandir\"\n\t\t\tdata-wp-init=\"callbacks.initTriggerButton\"\n\t\t\tdata-wp-on--click=\"actions.showLightbox\"\n\t\t\tdata-wp-style--right=\"state.imageButtonRight\"\n\t\t\tdata-wp-style--top=\"state.imageButtonTop\"\n\t\t>\n\t\t\t<svg xmlns=\"http:\/\/www.w3.org\/2000\/svg\" width=\"12\" height=\"12\" fill=\"none\" viewBox=\"0 0 12 12\">\n\t\t\t\t<path fill=\"#fff\" d=\"M2 0a2 2 0 0 0-2 2v2h1.5V2a.5.5 0 0 1 .5-.5h2V0H2Zm2 10.5H2a.5.5 0 0 1-.5-.5V8H0v2a2 2 0 0 0 2 2h2v-1.5ZM8 12v-1.5h2a.5.5 0 0 0 .5-.5V8H12v2a2 2 0 0 1-2 2H8Zm2-12a2 2 0 0 1 2 2v2h-1.5V2a.5.5 0 0 0-.5-.5H8V0h2Z\" \/>\n\t\t\t<\/svg>\n\t\t<\/button><\/figure>\n<\/div>\n<\/div>\n<\/div>\n\n\n\n<div class=\"wp-block-group has-custom-couleur-22-background-color has-background is-layout-flow wp-block-group-is-layout-flow\" style=\"margin-top:0;margin-bottom:0;padding-top:var(--wp--preset--spacing--10);padding-right:var(--wp--preset--spacing--50);padding-bottom:var(--wp--preset--spacing--10);padding-left:var(--wp--preset--spacing--50)\">\n<div style=\"height:30px\" aria-hidden=\"true\" class=\"wp-block-spacer\"><\/div>\n\n\n\n<h3 class=\"wp-block-heading has-custom-couleur-5-color has-text-color has-link-color wp-elements-4b0002dbcba77f88802b18184c089b9a\" style=\"margin-top:0;margin-bottom:0\">\u00c9ch\u00e9ancier du projet d\u2019agrandissement<\/h3>\n\n\n\n<div style=\"height:30px\" aria-hidden=\"true\" class=\"wp-block-spacer\"><\/div>\n\n\n\n<div class=\"wp-block-group has-custom-couleur-4-color has-text-color has-link-color has-large-font-size wp-elements-b5eb3f95a463504168ee124485f243aa is-nowrap is-layout-flex wp-container-core-group-is-layout-f1189ed3 wp-block-group-is-layout-flex\">\n<i class=\"fa-solid fa-circle-check\"><\/i>\n\n\n\n<p style=\"font-size:clamp(0.929rem, 0.929rem + ((1vw - 0.2rem) * 0.785), 1.4rem);\"><strong>D\u00e9but du projet<\/strong><\/p>\n\n\n\n<p class=\"has-medium-font-size\">\u2014<\/p>\n\n\n\n<p style=\"font-size:clamp(0.929rem, 0.929rem + ((1vw - 0.2rem) * 0.785), 1.4rem);\">Printemps 2023<\/p>\n<\/div>\n\n\n\n<p class=\"has-custom-couleur-4-color has-text-color has-link-color wp-elements-65454e5768df03917af61b21bb237350\" style=\"margin-right:var(--wp--preset--spacing--40);margin-left:var(--wp--preset--spacing--40)\">Les gouvernements du Canada et du Qu\u00e9bec ont annonc\u00e9 leur intention commune d\u2019amorcer les \u00e9tapes permettant d\u2019agrandir les limites du parc marin.<\/p>\n\n\n\n<div style=\"height:25px\" aria-hidden=\"true\" class=\"wp-block-spacer\"><\/div>\n\n\n\n<div class=\"wp-block-group has-custom-couleur-4-color has-text-color has-link-color has-large-font-size wp-elements-6edd0112aa154cd69c9e90763d6a562f is-nowrap is-layout-flex wp-container-core-group-is-layout-9f1a59a3 wp-block-group-is-layout-flex\" style=\"margin-top:0\">\n<i class=\"fa-solid fa-circle-check\"><\/i>\n\n\n\n<p style=\"font-size:clamp(0.929rem, 0.929rem + ((1vw - 0.2rem) * 0.785), 1.4rem);\"><strong>Consultations cibl\u00e9es<\/strong><\/p>\n\n\n\n<p class=\"has-medium-font-size\">\u2014<\/p>\n\n\n\n<p style=\"font-size:clamp(0.929rem, 0.929rem + ((1vw - 0.2rem) * 0.785), 1.4rem);\">Automne 2023 &#8211; \u00c9t\u00e9 2024<\/p>\n<\/div>\n\n\n\n<p class=\"has-custom-couleur-4-color has-text-color has-link-color wp-elements-8835e27a3fabf0bfc5293b6401c76293\" style=\"margin-right:var(--wp--preset--spacing--40);margin-left:var(--wp--preset--spacing--40)\">Le projet d\u2019agrandissement a \u00e9t\u00e9 pr\u00e9sent\u00e9 aux repr\u00e9sentants de pr\u00e8s de 230 organisations dans le cadre de consultations cibl\u00e9es. Ces \u00e9changes ont men\u00e9 \u00e0 une proposition de territoire pour agrandir les limites du parc marin.<\/p>\n\n\n\n<div style=\"height:25px\" aria-hidden=\"true\" class=\"wp-block-spacer\"><\/div>\n\n\n\n<div class=\"wp-block-group has-custom-couleur-4-color has-text-color has-link-color has-large-font-size wp-elements-bd45991f278f855ea1500aad123bd3fd is-nowrap is-layout-flex wp-container-core-group-is-layout-9f1a59a3 wp-block-group-is-layout-flex\" style=\"margin-top:0\">\n<i class=\"fa-solid fa-circle-check\"><\/i>\n\n\n\n<p style=\"font-size:clamp(0.929rem, 0.929rem + ((1vw - 0.2rem) * 0.785), 1.4rem);\"><strong>Consultations publiques<\/strong><\/p>\n\n\n\n<p class=\"has-medium-font-size\">\u2014<\/p>\n\n\n\n<p style=\"font-size:clamp(0.929rem, 0.929rem + ((1vw - 0.2rem) * 0.785), 1.4rem);\">Automne 2024<\/p>\n<\/div>\n\n\n\n<p class=\"has-custom-couleur-4-color has-text-color has-link-color wp-elements-93f9268ad5dcc0e8545a816488be1146\" style=\"margin-right:var(--wp--preset--spacing--40);margin-left:var(--wp--preset--spacing--40)\">Les consultations se sont d\u00e9roul\u00e9es en virtuel et en pr\u00e9sentiel du 21 octobre au 13 d\u00e9cembre.&nbsp;<\/p>\n\n\n\n<div style=\"height:25px\" aria-hidden=\"true\" class=\"wp-block-spacer\"><\/div>\n\n\n\n<div class=\"wp-block-group has-custom-couleur-4-color has-text-color has-link-color has-large-font-size wp-elements-342187a10e1fcab41efa3ab82dc0427a is-nowrap is-layout-flex wp-container-core-group-is-layout-9f1a59a3 wp-block-group-is-layout-flex\" style=\"margin-top:0\">\n<i class=\"fa-solid fa-circle-check\"><\/i>\n\n\n\n<p style=\"font-size:clamp(0.929rem, 0.929rem + ((1vw - 0.2rem) * 0.785), 1.4rem);\"><strong><strong>Publication du rapport de consultations publiques<\/strong> et annonce des ministres<\/strong><\/p>\n\n\n\n<p class=\"has-medium-font-size\">\u2014<\/p>\n\n\n\n<p style=\"font-size:clamp(0.929rem, 0.929rem + ((1vw - 0.2rem) * 0.785), 1.4rem);\">Hiver 2025<\/p>\n<\/div>\n\n\n\n<p class=\"has-custom-couleur-4-color has-text-color has-link-color wp-elements-d1df53216c95e7490fb67acdc9b951a0\" style=\"margin-right:var(--wp--preset--spacing--40);margin-left:var(--wp--preset--spacing--40)\">Le rapport de consultations publiques fait \u00e9tat d\u2019une tr\u00e8s forte adh\u00e9sion \u00e0 l\u2019id\u00e9e de prot\u00e9ger une plus grande partie de l\u2019estuaire. Le territoire propos\u00e9 a re\u00e7u un tr\u00e8s fort appui. Les gouvernements du Canada et du Qu\u00e9bec ont annonc\u00e9 leur volont\u00e9 d\u2019agrandir le parc marin. \u200b<\/p>\n\n\n\n<div style=\"height:25px\" aria-hidden=\"true\" class=\"wp-block-spacer\"><\/div>\n\n\n\n<div class=\"wp-block-group has-custom-couleur-4-color has-text-color has-link-color has-large-font-size wp-elements-2504a4e04bbd2272fe986b92e62bcbe9 is-nowrap is-layout-flex wp-container-core-group-is-layout-9f1a59a3 wp-block-group-is-layout-flex\" style=\"margin-top:0\">\n<i class=\"fa-regular fa-circle\"><\/i>\n\n\n\n<p style=\"font-size:clamp(0.929rem, 0.929rem + ((1vw - 0.2rem) * 0.785), 1.4rem);\"><strong><strong><strong>Agrandissement du parc marin<\/strong><\/strong><\/strong><\/p>\n\n\n\n<p class=\"has-medium-font-size\">\u2014<\/p>\n\n\n\n<p style=\"font-size:clamp(0.929rem, 0.929rem + ((1vw - 0.2rem) * 0.785), 1.4rem);\">2026<\/p>\n<\/div>\n\n\n\n<p class=\"has-custom-couleur-4-color has-text-color has-link-color wp-elements-ce185b9eb3087179224d0d1911ad6e8f\" style=\"margin-right:var(--wp--preset--spacing--40);margin-left:var(--wp--preset--spacing--40)\">Le parc marin sera officiellement agrandi apr\u00e8s l\u2019entr\u00e9e en vigueur d\u2019un d\u00e9cret pris par le conseil des ministres du Qu\u00e9bec et d\u2019un autre d\u00e9cret rendu par le gouverneur en conseil du Canada.\u200b<\/p>\n\n\n\n<div style=\"height:50px\" aria-hidden=\"true\" class=\"wp-block-spacer\"><\/div>\n<\/div>\n\n\n\n<div class=\"wp-block-group is-layout-flow wp-block-group-is-layout-flow\" style=\"padding-right:var(--wp--preset--spacing--50);padding-left:var(--wp--preset--spacing--50)\">\n<div style=\"height:30px\" aria-hidden=\"true\" class=\"wp-block-spacer\"><\/div>\n\n\n\n<h2 class=\"wp-block-heading has-custom-couleur-5-color has-text-color has-link-color wp-elements-d6614f558ea33ff713a9e710b5726d17\" style=\"margin-top:0;margin-bottom:0\">\u00c0 propos du parc marin<\/h2>\n\n\n\n<div style=\"height:30px\" aria-hidden=\"true\" class=\"wp-block-spacer\"><\/div>\n\n\n\n<p style=\"font-size:clamp(0.984rem, 0.984rem + ((1vw - 0.2rem) * 0.86), 1.5rem);\">Le parc marin est une aire marine prot\u00e9g\u00e9e qui existe depuis 1998. Il rehausse la protection des \u00e9cosyst\u00e8mes aux fins de conservation tout en favorisant son utilisation \u00e0 des fins \u00e9ducatives, r\u00e9cr\u00e9atives et scientifiques.<\/p>\n\n\n\n<p style=\"margin-top:var(--wp--preset--spacing--20);margin-bottom:var(--wp--preset--spacing--20);font-size:clamp(0.984rem, 0.984rem + ((1vw - 0.2rem) * 0.86), 1.5rem);\">Il est cog\u00e9r\u00e9 par Parcs Canada, le minist\u00e8re de l\u2019Environnement, de la Lutte contre les changements climatiques, de la Faune et des Parcs (MELCCFP) ainsi que la Soci\u00e9t\u00e9 des \u00e9tablissements de plein air du Qu\u00e9bec (S\u00e9paq).<\/p>\n\n\n\n<div style=\"height:30px\" aria-hidden=\"true\" class=\"wp-block-spacer\"><\/div>\n\n\n\n<h3 class=\"wp-block-heading has-custom-couleur-5-color has-text-color has-link-color has-large-font-size wp-elements-03e8c08b54663e6e89fd010e357c81cd\" style=\"margin-top:0;margin-bottom:0\">R\u00e9alisations marquantes<\/h3>\n\n\n\n<div style=\"height:20px\" aria-hidden=\"true\" class=\"wp-block-spacer\"><\/div>\n\n\n\n<div class=\"wp-block-esab-accordion esab-l1x461ik\" data-mode=\"individual\" data-close=\"true\"><div class=\"esab__container\">\n<div class=\"wp-block-esab-accordion-child\"><div class=\"esab__head\" role=\"button\" aria-expanded=\"false\"><div class=\"esab__heading_txt\"><h5 class=\"esab__heading_tag\">La cr\u00e9ation et l\u2019implication continue du comit\u00e9 de coordination du parc marin<\/h5><\/div><div class=\"esab__icon\"><div class=\"esab__collapse\"> <svg version=\"1.2\" viewBox=\"0 0 24 24\" width=\"24\" height=\"24\"><path d=\"m11.3 3.6h1.4q0.2 0 0.2 0.1v16.6q0 0.1-0.2 0.1h-1.4q-0.2 0-0.2-0.2v-16.5q0-0.1 0.2-0.1z\"><\/path><path d=\"m4.1 11.1h15.8q0.2 0 0.2 0.2v1.4q0 0.2-0.2 0.2h-15.8q-0.2 0-0.2-0.2v-1.4q0-0.2 0.2-0.2z\"><\/path><\/svg> <\/div><div class=\"esab__expand\"> <svg version=\"1.2\" viewBox=\"0 0 24 24\" width=\"24\" height=\"24\"><path d=\"m3.4 11.1h17.2v1.8h-17.2z\"><\/path><\/svg> <\/div><\/div><\/div><div class=\"esab__body\">\n<p>Le comit\u00e9 de coordination est une entit\u00e9 propre au parc marin qui implique les acteurs r\u00e9gionaux dans la gouvernance de l\u2019aire marine prot\u00e9g\u00e9e. Depuis sa cr\u00e9ation en 1996, le comit\u00e9 a tenu 107 rencontres auxquelles pr\u00e8s de 100 membres de divers horizons ont contribu\u00e9 au fil du temps. L\u2019implication et l\u2019appui du comit\u00e9 de coordination sont directement li\u00e9s aux grandes r\u00e9alisations de l\u2019histoire du parc marin.\u200b<\/p>\n<\/div><\/div>\n\n\n\n<div class=\"wp-block-esab-accordion-child\"><div class=\"esab__head\" role=\"button\" aria-expanded=\"false\"><div class=\"esab__heading_txt\"><h5 class=\"esab__heading_tag\">Un r\u00e9seau d\u2019activit\u00e9s de d\u00e9couverte<\/h5><\/div><div class=\"esab__icon\"><div class=\"esab__collapse\"> <svg version=\"1.2\" viewBox=\"0 0 24 24\" width=\"24\" height=\"24\"><path d=\"m11.3 3.6h1.4q0.2 0 0.2 0.1v16.6q0 0.1-0.2 0.1h-1.4q-0.2 0-0.2-0.2v-16.5q0-0.1 0.2-0.1z\"><\/path><path d=\"m4.1 11.1h15.8q0.2 0 0.2 0.2v1.4q0 0.2-0.2 0.2h-15.8q-0.2 0-0.2-0.2v-1.4q0-0.2 0.2-0.2z\"><\/path><\/svg> <\/div><div class=\"esab__expand\"> <svg version=\"1.2\" viewBox=\"0 0 24 24\" width=\"24\" height=\"24\"><path d=\"m3.4 11.1h17.2v1.8h-17.2z\"><\/path><\/svg> <\/div><\/div><\/div><div class=\"esab__body\">\n<p>D\u00e8s la cr\u00e9ation du parc marin, les gestionnaires se sont associ\u00e9s aux acteurs du milieu afin d\u2019offrir des activit\u00e9s de d\u00e9couverte en mer et sur les rives. Aujourd\u2019hui, gr\u00e2ce \u00e0 ces partenariats, une gamme d\u2019activit\u00e9s vari\u00e9es est offerte aux visiteurs et aux communaut\u00e9s riveraines afin de d\u00e9couvrir les richesses naturelles et culturelles du parc marin. Chaque ann\u00e9e, il est estim\u00e9 qu\u2019environ un million de personnes visitent le parc marin sur l\u2019eau ou \u00e0 partir des rives. \u00c0 travers leurs outils de communications, Parcs Canada et la S\u00e9paq contribuent \u00e0 la promotion de ces attraits r\u00e9cr\u00e9otouristiques.\u200b<\/p>\n<\/div><\/div>\n\n\n\n<div class=\"wp-block-esab-accordion-child\"><div class=\"esab__head\" role=\"button\" aria-expanded=\"false\"><div class=\"esab__heading_txt\"><h5 class=\"esab__heading_tag\">Une r\u00e9glementation pour le parc marin<\/h5><\/div><div class=\"esab__icon\"><div class=\"esab__collapse\"> <svg version=\"1.2\" viewBox=\"0 0 24 24\" width=\"24\" height=\"24\"><path d=\"m11.3 3.6h1.4q0.2 0 0.2 0.1v16.6q0 0.1-0.2 0.1h-1.4q-0.2 0-0.2-0.2v-16.5q0-0.1 0.2-0.1z\"><\/path><path d=\"m4.1 11.1h15.8q0.2 0 0.2 0.2v1.4q0 0.2-0.2 0.2h-15.8q-0.2 0-0.2-0.2v-1.4q0-0.2 0.2-0.2z\"><\/path><\/svg> <\/div><div class=\"esab__expand\"> <svg version=\"1.2\" viewBox=\"0 0 24 24\" width=\"24\" height=\"24\"><path d=\"m3.4 11.1h17.2v1.8h-17.2z\"><\/path><\/svg> <\/div><\/div><\/div><div class=\"esab__body\">\n<p>En 2002, le R\u00e8glement sur les activit\u00e9s en mer dans le parc marin du Saguenay\u2013Saint-Laurent (RAM) a vu le jour. \u00c9tabli en collaboration avec les acteurs du milieu et les usagers, c\u2019est l\u2019un des principaux outils de conservation du parc marin. Le r\u00e8glement encadre les activit\u00e9s nautiques afin de rehausser la protection de la faune marine. Apr\u00e8s 15 ans d\u2019application de cet outil de conservation, il a \u00e9t\u00e9 r\u00e9vis\u00e9 en 2017 afin de mieux prot\u00e9ger les \u00e9cosyst\u00e8mes marins, plus particuli\u00e8rement le b\u00e9luga du Saint-Laurent.\u200b<\/p>\n<\/div><\/div>\n\n\n\n<div class=\"wp-block-esab-accordion-child\"><div class=\"esab__head\" role=\"button\" aria-expanded=\"false\"><div class=\"esab__heading_txt\"><h5 class=\"esab__heading_tag\">Des suivis scientifiques pour rehausser la protection<\/h5><\/div><div class=\"esab__icon\"><div class=\"esab__collapse\"> <svg version=\"1.2\" viewBox=\"0 0 24 24\" width=\"24\" height=\"24\"><path d=\"m11.3 3.6h1.4q0.2 0 0.2 0.1v16.6q0 0.1-0.2 0.1h-1.4q-0.2 0-0.2-0.2v-16.5q0-0.1 0.2-0.1z\"><\/path><path d=\"m4.1 11.1h15.8q0.2 0 0.2 0.2v1.4q0 0.2-0.2 0.2h-15.8q-0.2 0-0.2-0.2v-1.4q0-0.2 0.2-0.2z\"><\/path><\/svg> <\/div><div class=\"esab__expand\"> <svg version=\"1.2\" viewBox=\"0 0 24 24\" width=\"24\" height=\"24\"><path d=\"m3.4 11.1h17.2v1.8h-17.2z\"><\/path><\/svg> <\/div><\/div><\/div><div class=\"esab__body\">\n<p>Bien avant la cr\u00e9ation du parc marin, des chercheurs avaient \u00e9tudi\u00e9 ce territoire en raison de ses \u00e9cosyst\u00e8mes riches et uniques. L\u2019arriv\u00e9e du parc marin a \u00e9t\u00e9 un \u00e9l\u00e9ment catalyseur pour la recherche scientifique, qui a pris une grande importance dans sa gestion. Les r\u00e9sultats obtenus par les suivis scientifiques permettent d\u2019\u00e9valuer l\u2019\u00e9tat de sant\u00e9 du parc marin, de mieux comprendre les \u00e9cosyst\u00e8mes et de mettre en place des mesures de protection adapt\u00e9es au milieu.\u200b<\/p>\n<\/div><\/div>\n<\/div><\/div>\n<\/div>\n\n\n\n<div style=\"height:100px\" aria-hidden=\"true\" class=\"wp-block-spacer\"><\/div>\n\n\n\n<div class=\"wp-block-group alignfull has-custom-couleur-5-color has-custom-couleur-20-background-color has-text-color has-background has-link-color wp-elements-bbaedf7c854de796b0de31ec91604aba is-layout-flow wp-block-group-is-layout-flow\" style=\"margin-top:var(--wp--preset--spacing--10);margin-bottom:var(--wp--preset--spacing--10);padding-top:var(--wp--preset--spacing--30);padding-right:var(--wp--preset--spacing--50);padding-bottom:var(--wp--preset--spacing--30);padding-left:var(--wp--preset--spacing--50)\">\n<div class=\"wp-block-group is-content-justification-space-between is-layout-flex wp-container-core-group-is-layout-36013cb1 wp-block-group-is-layout-flex\">\n<div class=\"wp-block-group is-vertical is-layout-flex wp-container-core-group-is-layout-fe9cc265 wp-block-group-is-layout-flex\">\n<h6 class=\"wp-block-heading has-custom-couleur-5-color has-text-color has-link-color wp-elements-b4a1ad8f86de56a82afe032e8e6660f6\" style=\"margin-top:var(--wp--preset--spacing--10);margin-bottom:var(--wp--preset--spacing--10)\"><strong>\u00c0 propos du projet<\/strong>\u200b<\/h6>\n\n\n\n<div class=\"wp-block-group has-global-padding is-layout-constrained wp-container-core-group-is-layout-7db9d80f wp-block-group-is-layout-constrained\" style=\"padding-right:0;padding-left:0\">\n<a href=\"https:\/\/parcmarin.qc.ca\/consultations\/wp-content\/uploads\/sites\/10\/2024\/10\/document-dinformation-2024.pdf\" style=\"text-decoration:none\" target=\"_blank\" rel=\"noopener\">\n\n\n\n<div class=\"wp-block-group is-nowrap is-layout-flex wp-container-core-group-is-layout-fb2bd6f2 wp-block-group-is-layout-flex\" style=\"margin-top:var(--wp--preset--spacing--10);margin-bottom:var(--wp--preset--spacing--10)\">\n<i class=\"fa-regular fa-file-lines\"><\/i>\n\n\n\n<p class=\"has-text-align-left\">Document d&rsquo;information<sup> (PDF, 36 mo)<\/sup><\/p>\n<\/div>\n\n\n\n<\/a>\n\n\n\n<hr class=\"wp-block-separator has-text-color has-contrast-3-color has-alpha-channel-opacity has-contrast-3-background-color has-background is-style-wide\" style=\"margin-top:0;margin-bottom:0\"\/>\n\n\n\n<a href=\"https:\/\/parcmarin.qc.ca\/consultations\/wp-content\/uploads\/sites\/10\/2024\/10\/portrait-du-territoire-2024.pdf\" style=\"text-decoration:none\"target=\"_blank\">\n\n\n\n<div class=\"wp-block-group is-nowrap is-layout-flex wp-container-core-group-is-layout-e5556b57 wp-block-group-is-layout-flex\" style=\"margin-top:var(--wp--preset--spacing--10);margin-bottom:var(--wp--preset--spacing--10)\">\n<i class=\"fa-regular fa-file-lines\"><\/i>\n\n\n\n<p>Portrait du territoire<sup> (PDF, 93 mo)<\/sup><\/p>\n<\/div>\n\n\n\n<\/a>\n\n\n\n<hr class=\"wp-block-separator has-text-color has-contrast-3-color has-alpha-channel-opacity has-contrast-3-background-color has-background is-style-wide\" style=\"margin-top:0;margin-bottom:0\"\/>\n\n\n\n<a href=\"https:\/\/youtu.be\/3E8uWIvzIzo\" style=\"text-decoration:none\"target=\"_blank\">\n\n\n\n<div class=\"wp-block-group is-nowrap is-layout-flex wp-container-core-group-is-layout-f4691d1d wp-block-group-is-layout-flex\" style=\"margin-top:var(--wp--preset--spacing--10);margin-bottom:var(--wp--preset--spacing--10)\">\n<i class=\"fa-brands fa-youtube\"><\/i>\n\n\n\n<p>Pr\u00e9sentation<\/p>\n<\/div>\n\n\n\n<\/a>\n<\/div>\n<\/div>\n\n\n\n<div class=\"wp-block-group is-vertical is-layout-flex wp-container-core-group-is-layout-fe9cc265 wp-block-group-is-layout-flex\">\n<h6 class=\"wp-block-heading has-custom-couleur-5-color has-text-color has-link-color wp-elements-e963307545c4e4b35672d0c708c489f0\" style=\"margin-top:var(--wp--preset--spacing--10);margin-bottom:var(--wp--preset--spacing--10)\"><strong>R\u00e9sultats des consultations publiques<\/strong><\/h6>\n\n\n\n<div class=\"wp-block-group has-global-padding is-layout-constrained wp-container-core-group-is-layout-7db9d80f wp-block-group-is-layout-constrained\" style=\"padding-right:0;padding-left:0\">\n<a href=\"https:\/\/parcmarin.qc.ca\/consultations\/wp-content\/uploads\/sites\/10\/2025\/03\/PMSSL-Rapport-consultations-publiques.pdf\" style=\"text-decoration:none\"target=\"_blank\">\n\n\n\n<div class=\"wp-block-group is-nowrap is-layout-flex wp-container-core-group-is-layout-e5556b57 wp-block-group-is-layout-flex\" style=\"margin-top:var(--wp--preset--spacing--10);margin-bottom:var(--wp--preset--spacing--10)\">\n<i class=\"fa-regular fa-file-lines\"><\/i>\n\n\n\n<p>Rapport de consultations publiques<sup> (PDF, 10 mo)<\/sup><\/p>\n<\/div>\n\n\n\n<\/a>\n\n\n\n<hr class=\"wp-block-separator has-text-color has-contrast-3-color has-alpha-channel-opacity has-contrast-3-background-color has-background is-style-wide\" style=\"margin-top:0;margin-bottom:0\"\/>\n\n\n\n<a href=\"https:\/\/parcmarin.qc.ca\/consultations\/memoires-recus\/\" style=\"text-decoration:none\"target=\"_blank\">\n\n\n\n<div class=\"wp-block-group is-nowrap is-layout-flex wp-container-core-group-is-layout-e5556b57 wp-block-group-is-layout-flex\" style=\"margin-top:var(--wp--preset--spacing--10);margin-bottom:var(--wp--preset--spacing--10)\">\n<i class=\"fa-solid fa-list\"><\/i>\n\n\n\n<p>M\u00e9moires re\u00e7us<\/p>\n<\/div>\n\n\n\n<\/a>\n<\/div>\n<\/div>\n\n\n\n<div class=\"wp-block-group is-vertical is-layout-flex wp-container-core-group-is-layout-fe9cc265 wp-block-group-is-layout-flex\">\n<h6 class=\"wp-block-heading has-custom-couleur-5-color has-text-color has-link-color wp-elements-c6a4d56f671bad605ec1b524e13b9f12\" style=\"margin-top:var(--wp--preset--spacing--10);margin-bottom:var(--wp--preset--spacing--10)\"><\/h6>\n<\/div>\n<\/div>\n<\/div>\n\n\n\n<p><\/p>\n","protected":false},"excerpt":{"rendered":"<p>Projet d\u2019agrandissement du parc marin du Saguenay\u2013Saint-Laurent Consultations publiques \u00c0 propos du projet Le projet consiste \u00e0 agrandir le parc marin du Saguenay\u2013Saint-Laurent pour contribuer \u00e0 prot\u00e9ger une plus grande partie de l\u2019estuaire du Saint-Laurent. Il a \u00e9t\u00e9 pr\u00e9sent\u00e9 lors des consultations publiques, qui se sont tenues du 21&nbsp;octobre au 13 d\u00e9cembre 2024. Document d&rsquo;information [&hellip;]<\/p>\n","protected":false},"author":1,"featured_media":726,"parent":0,"menu_order":0,"comment_status":"closed","ping_status":"closed","template":"","meta":{"CBBTypography":[],"footnotes":""},"class_list":["post-6","page","type-page","status-publish","has-post-thumbnail","hentry"],"yoast_head":"<!-- This site is optimized with the Yoast SEO plugin v27.4 - https:\/\/yoast.com\/product\/yoast-seo-wordpress\/ -->\n<title>Accueil - consultations<\/title>\n<meta name=\"robots\" content=\"index, follow, max-snippet:-1, max-image-preview:large, max-video-preview:-1\" \/>\n<link rel=\"canonical\" href=\"https:\/\/parcmarin.qc.ca\/consultations\/accueil\/\" \/>\n<meta property=\"og:locale\" content=\"fr_CA\" \/>\n<meta property=\"og:type\" content=\"article\" \/>\n<meta property=\"og:title\" content=\"Accueil - consultations\" \/>\n<meta property=\"og:description\" content=\"Projet d\u2019agrandissement du parc marin du Saguenay\u2013Saint-Laurent Consultations publiques \u00c0 propos du projet Le projet consiste \u00e0 agrandir le parc marin du Saguenay\u2013Saint-Laurent pour contribuer \u00e0 prot\u00e9ger une plus grande partie de l\u2019estuaire du Saint-Laurent. Il a \u00e9t\u00e9 pr\u00e9sent\u00e9 lors des consultations publiques, qui se sont tenues du 21&nbsp;octobre au 13 d\u00e9cembre 2024. Document d&rsquo;information [&hellip;]\" \/>\n<meta property=\"og:url\" content=\"https:\/\/parcmarin.qc.ca\/consultations\/accueil\/\" \/>\n<meta property=\"og:site_name\" content=\"consultations\" \/>\n<meta property=\"article:publisher\" content=\"https:\/\/www.facebook.com\/parcmarinSSL\" \/>\n<meta property=\"article:modified_time\" content=\"2025-11-19T15:43:18+00:00\" \/>\n<meta property=\"og:image\" content=\"https:\/\/parcmarin.qc.ca\/consultations\/wp-content\/uploads\/sites\/10\/2024\/08\/entete_V3.png\" \/>\n\t<meta property=\"og:image:width\" content=\"1920\" \/>\n\t<meta property=\"og:image:height\" content=\"671\" \/>\n\t<meta property=\"og:image:type\" content=\"image\/png\" \/>\n<meta name=\"twitter:card\" content=\"summary_large_image\" \/>\n<meta name=\"twitter:label1\" content=\"Estimation du temps de lecture\" \/>\n\t<meta name=\"twitter:data1\" content=\"9 minutes\" \/>\n<script type=\"application\/ld+json\" class=\"yoast-schema-graph\">{\"@context\":\"https:\\\/\\\/schema.org\",\"@graph\":[{\"@type\":\"WebPage\",\"@id\":\"https:\\\/\\\/parcmarin.qc.ca\\\/consultations\\\/accueil\\\/\",\"url\":\"https:\\\/\\\/parcmarin.qc.ca\\\/consultations\\\/accueil\\\/\",\"name\":\"Accueil - consultations\",\"isPartOf\":{\"@id\":\"https:\\\/\\\/parcmarin.qc.ca\\\/consultations\\\/#website\"},\"primaryImageOfPage\":{\"@id\":\"https:\\\/\\\/parcmarin.qc.ca\\\/consultations\\\/accueil\\\/#primaryimage\"},\"image\":{\"@id\":\"https:\\\/\\\/parcmarin.qc.ca\\\/consultations\\\/accueil\\\/#primaryimage\"},\"thumbnailUrl\":\"https:\\\/\\\/parcmarin.qc.ca\\\/consultations\\\/wp-content\\\/uploads\\\/sites\\\/10\\\/2024\\\/08\\\/entete-v6.png\",\"datePublished\":\"2024-04-18T17:26:07+00:00\",\"dateModified\":\"2025-11-19T15:43:18+00:00\",\"breadcrumb\":{\"@id\":\"https:\\\/\\\/parcmarin.qc.ca\\\/consultations\\\/accueil\\\/#breadcrumb\"},\"inLanguage\":\"fr-CA\",\"potentialAction\":[{\"@type\":\"ReadAction\",\"target\":[\"https:\\\/\\\/parcmarin.qc.ca\\\/consultations\\\/accueil\\\/\"]}]},{\"@type\":\"ImageObject\",\"inLanguage\":\"fr-CA\",\"@id\":\"https:\\\/\\\/parcmarin.qc.ca\\\/consultations\\\/accueil\\\/#primaryimage\",\"url\":\"https:\\\/\\\/parcmarin.qc.ca\\\/consultations\\\/wp-content\\\/uploads\\\/sites\\\/10\\\/2024\\\/08\\\/entete-v6.png\",\"contentUrl\":\"https:\\\/\\\/parcmarin.qc.ca\\\/consultations\\\/wp-content\\\/uploads\\\/sites\\\/10\\\/2024\\\/08\\\/entete-v6.png\",\"width\":1920,\"height\":895},{\"@type\":\"BreadcrumbList\",\"@id\":\"https:\\\/\\\/parcmarin.qc.ca\\\/consultations\\\/accueil\\\/#breadcrumb\",\"itemListElement\":[{\"@type\":\"ListItem\",\"position\":1,\"name\":\"Accueil\",\"item\":\"https:\\\/\\\/parcmarin.qc.ca\\\/consultations\\\/accueil\\\/\"},{\"@type\":\"ListItem\",\"position\":2,\"name\":\"consultations\"}]},{\"@type\":\"WebSite\",\"@id\":\"https:\\\/\\\/parcmarin.qc.ca\\\/consultations\\\/#website\",\"url\":\"https:\\\/\\\/parcmarin.qc.ca\\\/consultations\\\/\",\"name\":\"Consultations publiques - parc marin du Saguenay-Saint-Laurent\",\"description\":\"\",\"publisher\":{\"@id\":\"https:\\\/\\\/parcmarin.qc.ca\\\/consultations\\\/#organization\"},\"potentialAction\":[{\"@type\":\"SearchAction\",\"target\":{\"@type\":\"EntryPoint\",\"urlTemplate\":\"https:\\\/\\\/parcmarin.qc.ca\\\/consultations\\\/?s={search_term_string}\"},\"query-input\":{\"@type\":\"PropertyValueSpecification\",\"valueRequired\":true,\"valueName\":\"search_term_string\"}}],\"inLanguage\":\"fr-CA\"},{\"@type\":\"Organization\",\"@id\":\"https:\\\/\\\/parcmarin.qc.ca\\\/consultations\\\/#organization\",\"name\":\"parc marin du Saguenay-Saint-Laurent\",\"url\":\"https:\\\/\\\/parcmarin.qc.ca\\\/consultations\\\/\",\"logo\":{\"@type\":\"ImageObject\",\"inLanguage\":\"fr-CA\",\"@id\":\"https:\\\/\\\/parcmarin.qc.ca\\\/consultations\\\/#\\\/schema\\\/logo\\\/image\\\/\",\"url\":\"https:\\\/\\\/parcmarin.qc.ca\\\/consultations\\\/wp-content\\\/uploads\\\/sites\\\/10\\\/2024\\\/04\\\/logo-seul.png\",\"contentUrl\":\"https:\\\/\\\/parcmarin.qc.ca\\\/consultations\\\/wp-content\\\/uploads\\\/sites\\\/10\\\/2024\\\/04\\\/logo-seul.png\",\"width\":500,\"height\":167,\"caption\":\"parc marin du Saguenay-Saint-Laurent\"},\"image\":{\"@id\":\"https:\\\/\\\/parcmarin.qc.ca\\\/consultations\\\/#\\\/schema\\\/logo\\\/image\\\/\"},\"sameAs\":[\"https:\\\/\\\/www.facebook.com\\\/parcmarinSSL\"]}]}<\/script>\n<!-- \/ Yoast SEO plugin. -->","yoast_head_json":{"title":"Accueil - consultations","robots":{"index":"index","follow":"follow","max-snippet":"max-snippet:-1","max-image-preview":"max-image-preview:large","max-video-preview":"max-video-preview:-1"},"canonical":"https:\/\/parcmarin.qc.ca\/consultations\/accueil\/","og_locale":"fr_CA","og_type":"article","og_title":"Accueil - consultations","og_description":"Projet d\u2019agrandissement du parc marin du Saguenay\u2013Saint-Laurent Consultations publiques \u00c0 propos du projet Le projet consiste \u00e0 agrandir le parc marin du Saguenay\u2013Saint-Laurent pour contribuer \u00e0 prot\u00e9ger une plus grande partie de l\u2019estuaire du Saint-Laurent. Il a \u00e9t\u00e9 pr\u00e9sent\u00e9 lors des consultations publiques, qui se sont tenues du 21&nbsp;octobre au 13 d\u00e9cembre 2024. Document d&rsquo;information [&hellip;]","og_url":"https:\/\/parcmarin.qc.ca\/consultations\/accueil\/","og_site_name":"consultations","article_publisher":"https:\/\/www.facebook.com\/parcmarinSSL","article_modified_time":"2025-11-19T15:43:18+00:00","og_image":[{"width":1920,"height":671,"url":"https:\/\/parcmarin.qc.ca\/consultations\/wp-content\/uploads\/sites\/10\/2024\/08\/entete_V3.png","type":"image\/png"}],"twitter_card":"summary_large_image","twitter_misc":{"Estimation du temps de lecture":"9 minutes"},"schema":{"@context":"https:\/\/schema.org","@graph":[{"@type":"WebPage","@id":"https:\/\/parcmarin.qc.ca\/consultations\/accueil\/","url":"https:\/\/parcmarin.qc.ca\/consultations\/accueil\/","name":"Accueil - consultations","isPartOf":{"@id":"https:\/\/parcmarin.qc.ca\/consultations\/#website"},"primaryImageOfPage":{"@id":"https:\/\/parcmarin.qc.ca\/consultations\/accueil\/#primaryimage"},"image":{"@id":"https:\/\/parcmarin.qc.ca\/consultations\/accueil\/#primaryimage"},"thumbnailUrl":"https:\/\/parcmarin.qc.ca\/consultations\/wp-content\/uploads\/sites\/10\/2024\/08\/entete-v6.png","datePublished":"2024-04-18T17:26:07+00:00","dateModified":"2025-11-19T15:43:18+00:00","breadcrumb":{"@id":"https:\/\/parcmarin.qc.ca\/consultations\/accueil\/#breadcrumb"},"inLanguage":"fr-CA","potentialAction":[{"@type":"ReadAction","target":["https:\/\/parcmarin.qc.ca\/consultations\/accueil\/"]}]},{"@type":"ImageObject","inLanguage":"fr-CA","@id":"https:\/\/parcmarin.qc.ca\/consultations\/accueil\/#primaryimage","url":"https:\/\/parcmarin.qc.ca\/consultations\/wp-content\/uploads\/sites\/10\/2024\/08\/entete-v6.png","contentUrl":"https:\/\/parcmarin.qc.ca\/consultations\/wp-content\/uploads\/sites\/10\/2024\/08\/entete-v6.png","width":1920,"height":895},{"@type":"BreadcrumbList","@id":"https:\/\/parcmarin.qc.ca\/consultations\/accueil\/#breadcrumb","itemListElement":[{"@type":"ListItem","position":1,"name":"Accueil","item":"https:\/\/parcmarin.qc.ca\/consultations\/accueil\/"},{"@type":"ListItem","position":2,"name":"consultations"}]},{"@type":"WebSite","@id":"https:\/\/parcmarin.qc.ca\/consultations\/#website","url":"https:\/\/parcmarin.qc.ca\/consultations\/","name":"Consultations publiques - parc marin du Saguenay-Saint-Laurent","description":"","publisher":{"@id":"https:\/\/parcmarin.qc.ca\/consultations\/#organization"},"potentialAction":[{"@type":"SearchAction","target":{"@type":"EntryPoint","urlTemplate":"https:\/\/parcmarin.qc.ca\/consultations\/?s={search_term_string}"},"query-input":{"@type":"PropertyValueSpecification","valueRequired":true,"valueName":"search_term_string"}}],"inLanguage":"fr-CA"},{"@type":"Organization","@id":"https:\/\/parcmarin.qc.ca\/consultations\/#organization","name":"parc marin du Saguenay-Saint-Laurent","url":"https:\/\/parcmarin.qc.ca\/consultations\/","logo":{"@type":"ImageObject","inLanguage":"fr-CA","@id":"https:\/\/parcmarin.qc.ca\/consultations\/#\/schema\/logo\/image\/","url":"https:\/\/parcmarin.qc.ca\/consultations\/wp-content\/uploads\/sites\/10\/2024\/04\/logo-seul.png","contentUrl":"https:\/\/parcmarin.qc.ca\/consultations\/wp-content\/uploads\/sites\/10\/2024\/04\/logo-seul.png","width":500,"height":167,"caption":"parc marin du Saguenay-Saint-Laurent"},"image":{"@id":"https:\/\/parcmarin.qc.ca\/consultations\/#\/schema\/logo\/image\/"},"sameAs":["https:\/\/www.facebook.com\/parcmarinSSL"]}]}},"lang":"fr","translations":{"fr":6,"en":155},"pll_sync_post":{},"_links":{"self":[{"href":"https:\/\/parcmarin.qc.ca\/consultations\/wp-json\/wp\/v2\/pages\/6","targetHints":{"allow":["GET"]}}],"collection":[{"href":"https:\/\/parcmarin.qc.ca\/consultations\/wp-json\/wp\/v2\/pages"}],"about":[{"href":"https:\/\/parcmarin.qc.ca\/consultations\/wp-json\/wp\/v2\/types\/page"}],"author":[{"embeddable":true,"href":"https:\/\/parcmarin.qc.ca\/consultations\/wp-json\/wp\/v2\/users\/1"}],"replies":[{"embeddable":true,"href":"https:\/\/parcmarin.qc.ca\/consultations\/wp-json\/wp\/v2\/comments?post=6"}],"version-history":[{"count":1137,"href":"https:\/\/parcmarin.qc.ca\/consultations\/wp-json\/wp\/v2\/pages\/6\/revisions"}],"predecessor-version":[{"id":2920,"href":"https:\/\/parcmarin.qc.ca\/consultations\/wp-json\/wp\/v2\/pages\/6\/revisions\/2920"}],"wp:featuredmedia":[{"embeddable":true,"href":"https:\/\/parcmarin.qc.ca\/consultations\/wp-json\/wp\/v2\/media\/726"}],"wp:attachment":[{"href":"https:\/\/parcmarin.qc.ca\/consultations\/wp-json\/wp\/v2\/media?parent=6"}],"curies":[{"name":"wp","href":"https:\/\/api.w.org\/{rel}","templated":true}]}}